{"id":437,"date":"2022-03-03T15:40:19","date_gmt":"2022-03-03T15:40:19","guid":{"rendered":"https:\/\/satuaasintalli.fi\/?page_id=437"},"modified":"2025-01-07T06:45:05","modified_gmt":"2025-01-07T06:45:05","slug":"satuaasit","status":"publish","type":"page","link":"https:\/\/satuaasintalli.fi\/index.php\/satuaasit\/","title":{"rendered":"Keit\u00e4 on SatuAasit?"},"content":{"rendered":"\t\t<div data-elementor-type=\"wp-page\" data-elementor-id=\"437\" class=\"elementor elementor-437\" data-elementor-post-type=\"page\">\n\t\t\t\t\t\t<section class=\"elementor-section elementor-top-section elementor-element elementor-element-93ff855 elementor-reverse-mobile elementor-section-boxed elementor-section-height-default elementor-section-height-default\" data-id=\"93ff855\" data-element_type=\"section\" data-e-type=\"section\" data-settings=\"{&quot;background_background&quot;:&quot;classic&quot;}\">\n\t\t\t\t\t\t<div class=\"elementor-container elementor-column-gap-default\">\n\t\t\t\t\t<div class=\"elementor-column elementor-col-100 elementor-top-column elementor-element elementor-element-266be60\" data-id=\"266be60\" data-element_type=\"column\" data-e-type=\"column\">\n\t\t\t<div class=\"elementor-widget-wrap elementor-element-populated\">\n\t\t\t\t\t\t<div class=\"elementor-element elementor-element-829eda6 elementor-widget elementor-widget-heading\" data-id=\"829eda6\" data-element_type=\"widget\" data-e-type=\"widget\" data-widget_type=\"heading.default\">\n\t\t\t\t<div class=\"elementor-widget-container\">\n\t\t\t\t\t<h2 class=\"elementor-heading-title elementor-size-xl\">Keit\u00e4 on SatuAasit?<\/h2>\t\t\t\t<\/div>\n\t\t\t\t<\/div>\n\t\t\t\t<div class=\"elementor-element elementor-element-343500a elementor-widget elementor-widget-image\" data-id=\"343500a\" data-element_type=\"widget\" data-e-type=\"widget\" data-widget_type=\"image.default\">\n\t\t\t\t<div class=\"elementor-widget-container\">\n\t\t\t\t\t\t\t\t\t\t\t\t\t\t\t<img fetchpriority=\"high\" decoding=\"async\" width=\"580\" height=\"812\" src=\"https:\/\/satuaasintalli.fi\/wp-content\/uploads\/2024\/12\/241018_16_WEB-768x1075.jpg\" class=\"attachment-medium_large size-medium_large wp-image-2529\" alt=\"Satu ja miniaasi Calle\" srcset=\"https:\/\/satuaasintalli.fi\/wp-content\/uploads\/2024\/12\/241018_16_WEB-768x1075.jpg 768w, https:\/\/satuaasintalli.fi\/wp-content\/uploads\/2024\/12\/241018_16_WEB-600x840.jpg 600w, https:\/\/satuaasintalli.fi\/wp-content\/uploads\/2024\/12\/241018_16_WEB-214x300.jpg 214w, https:\/\/satuaasintalli.fi\/wp-content\/uploads\/2024\/12\/241018_16_WEB-732x1024.jpg 732w, https:\/\/satuaasintalli.fi\/wp-content\/uploads\/2024\/12\/241018_16_WEB-1097x1536.jpg 1097w, https:\/\/satuaasintalli.fi\/wp-content\/uploads\/2024\/12\/241018_16_WEB-1200x1680.jpg 1200w, https:\/\/satuaasintalli.fi\/wp-content\/uploads\/2024\/12\/241018_16_WEB.jpg 1463w\" sizes=\"(max-width: 580px) 100vw, 580px\" \/>\t\t\t\t\t\t\t\t\t\t\t\t\t\t\t<\/div>\n\t\t\t\t<\/div>\n\t\t\t\t<div class=\"elementor-element elementor-element-801f0e4 elementor-widget elementor-widget-text-editor\" data-id=\"801f0e4\" data-element_type=\"widget\" data-e-type=\"widget\" data-widget_type=\"text-editor.default\">\n\t\t\t\t<div class=\"elementor-widget-container\">\n\t\t\t\t\t\t\t\t\t<p><strong>SatuAasin talliin\u00a0<\/strong>kuuluvat Satu Valkas (se kaksijalkainen monitoimity\u00f6l\u00e4inen) sek\u00e4 pihattotallissa asuvat aasit (ne nelijalkaiset s\u00f6p\u00f6l\u00e4iset). SatuAaseja voivat olla my\u00f6s kaikki, jotka tallille tulevat, ihastuvat aaseihin ja haluavat oppia niist\u00e4 lis\u00e4\u00e4. Aasien yst\u00e4v\u00e4llisyys, rentous ja sosiaalisuus ovat herk\u00e4sti k\u00e4vij\u00f6ihin tarttuvia ominaisuuksia.<\/p><p>Olennaisimmat tiedot Sadusta<\/p><ul><li>psykologi (PsM, 2012)<br \/>el\u00e4inavusteinen neuropsykiatrinen valmentaja (2023)<br \/>sosiaalipedagoginen hevostoimintaohjaaja (SPHT\u00ae, 2016)<br \/>GreenCare -ohjaaja ja kouluttaja (2017)<\/li><li>aasitalliyritt\u00e4j\u00e4, maatilan perunasihteeri ja kahden lapsen \u00e4iti<\/li><li>el\u00e4inrakas pienest\u00e4 pit\u00e4en ja aaseihin hurahtanut 2017 l\u00e4htien<\/li><li>hevospuolella harrastusta ja kilpailutoimintaa 1995-2020<\/li><li>valjakkoajoharrastusta ollut 2000-luvun alusta l\u00e4htien ja koulutan my\u00f6s aaseja k\u00e4rryj\u00e4 vet\u00e4m\u00e4\u00e4n.<\/li><\/ul><div><span style=\"letter-spacing: -0.27px;\">Yritys on toiminut vuodesta 2015 l\u00e4htien ja vuonna 2020 se erikoistui vain aasillisten palveluiden tuottamiseen.<br \/>Psykologipalveluja tuotetaan my\u00f6s yrityksen aputoiminimell\u00e4 Psykologipalvelu Valkas.<\/span><\/div>\t\t\t\t\t\t\t\t<\/div>\n\t\t\t\t<\/div>\n\t\t\t\t\t<\/div>\n\t\t<\/div>\n\t\t\t\t\t<\/div>\n\t\t<\/section>\n\t\t\t\t<section class=\"elementor-section elementor-top-section elementor-element elementor-element-93bccb9 elementor-section-boxed elementor-section-height-default elementor-section-height-default\" data-id=\"93bccb9\" data-element_type=\"section\" data-e-type=\"section\">\n\t\t\t\t\t\t<div class=\"elementor-container elementor-column-gap-default\">\n\t\t\t\t\t<div class=\"elementor-column elementor-col-100 elementor-top-column elementor-element elementor-element-625b201\" data-id=\"625b201\" data-element_type=\"column\" data-e-type=\"column\">\n\t\t\t<div class=\"elementor-widget-wrap elementor-element-populated\">\n\t\t\t\t\t\t<div class=\"elementor-element elementor-element-4734b96 elementor-widget elementor-widget-text-editor\" data-id=\"4734b96\" data-element_type=\"widget\" data-e-type=\"widget\" data-widget_type=\"text-editor.default\">\n\t\t\t\t<div class=\"elementor-widget-container\">\n\t\t\t\t\t\t\t\t\t<p>El\u00e4inavusteisesta toiminnasta olen ollut kiinnostunut pienest\u00e4 pit\u00e4en, koska olen itse vuosien saatossa saanut kokea, miten el\u00e4inten kanssa toimiessa mieli rentoutuu ja monet t\u00e4rke\u00e4t el\u00e4m\u00e4ntaidot kehittyv\u00e4t ihan huomaamatta. Tavoitteenani onkin tarjoamieni aasipalveluiden avulla tarjota asiakkaille onnistumisen kokemuksia, uusia el\u00e4myksi\u00e4 sek\u00e4 mahdollisuuksia oppia selvi\u00e4m\u00e4\u00e4n el\u00e4m\u00e4n erilaisista haasteista. Sek\u00e4 virkistys- ett\u00e4 kuntoutusty\u00f6ss\u00e4 ty\u00f6kavereinani toimivat kaikki aasilaumani j\u00e4senet jokainen omalla tavallaan.<\/p>\t\t\t\t\t\t\t\t<\/div>\n\t\t\t\t<\/div>\n\t\t\t\t\t<\/div>\n\t\t<\/div>\n\t\t\t\t\t<\/div>\n\t\t<\/section>\n\t\t\t\t<section class=\"elementor-section elementor-top-section elementor-element elementor-element-3070ad1 elementor-section-boxed elementor-section-height-default elementor-section-height-default\" data-id=\"3070ad1\" data-element_type=\"section\" data-e-type=\"section\">\n\t\t\t\t\t\t<div class=\"elementor-container elementor-column-gap-default\">\n\t\t\t\t\t<div class=\"elementor-column elementor-col-100 elementor-top-column elementor-element elementor-element-3cc737d\" data-id=\"3cc737d\" data-element_type=\"column\" data-e-type=\"column\">\n\t\t\t<div class=\"elementor-widget-wrap elementor-element-populated\">\n\t\t\t\t\t\t<section class=\"elementor-section elementor-inner-section elementor-element elementor-element-7c02c00 elementor-section-boxed elementor-section-height-default elementor-section-height-default\" data-id=\"7c02c00\" data-element_type=\"section\" data-e-type=\"section\">\n\t\t\t\t\t\t<div class=\"elementor-container elementor-column-gap-default\">\n\t\t\t\t\t<div class=\"elementor-column elementor-col-100 elementor-inner-column elementor-element elementor-element-587c8cc\" data-id=\"587c8cc\" data-element_type=\"column\" data-e-type=\"column\">\n\t\t\t<div class=\"elementor-widget-wrap elementor-element-populated\">\n\t\t\t\t\t\t<div class=\"elementor-element elementor-element-45e9db3 elementor-widget elementor-widget-image\" data-id=\"45e9db3\" data-element_type=\"widget\" data-e-type=\"widget\" data-widget_type=\"image.default\">\n\t\t\t\t<div class=\"elementor-widget-container\">\n\t\t\t\t\t\t\t\t\t\t\t\t\t\t\t<img decoding=\"async\" width=\"300\" height=\"160\" src=\"https:\/\/satuaasintalli.fi\/wp-content\/uploads\/2022\/03\/Aasi_musta-300x160.png\" class=\"attachment-medium size-medium wp-image-716\" alt=\"Musta aasin profiilikuva\" srcset=\"https:\/\/satuaasintalli.fi\/wp-content\/uploads\/2022\/03\/Aasi_musta-300x160.png 300w, https:\/\/satuaasintalli.fi\/wp-content\/uploads\/2022\/03\/Aasi_musta-600x321.png 600w, https:\/\/satuaasintalli.fi\/wp-content\/uploads\/2022\/03\/Aasi_musta-1024x548.png 1024w, https:\/\/satuaasintalli.fi\/wp-content\/uploads\/2022\/03\/Aasi_musta-768x411.png 768w, https:\/\/satuaasintalli.fi\/wp-content\/uploads\/2022\/03\/Aasi_musta-1536x821.png 1536w, https:\/\/satuaasintalli.fi\/wp-content\/uploads\/2022\/03\/Aasi_musta-1200x642.png 1200w, https:\/\/satuaasintalli.fi\/wp-content\/uploads\/2022\/03\/Aasi_musta.png 1947w\" sizes=\"(max-width: 300px) 100vw, 300px\" \/>\t\t\t\t\t\t\t\t\t\t\t\t\t\t\t<\/div>\n\t\t\t\t<\/div>\n\t\t\t\t<div class=\"elementor-element elementor-element-2891ac1 elementor-widget elementor-widget-heading\" data-id=\"2891ac1\" data-element_type=\"widget\" data-e-type=\"widget\" data-widget_type=\"heading.default\">\n\t\t\t\t<div class=\"elementor-widget-container\">\n\t\t\t\t\t<h2 class=\"elementor-heading-title elementor-size-xl\">Tallin aasit<\/h2>\t\t\t\t<\/div>\n\t\t\t\t<\/div>\n\t\t\t\t<div class=\"elementor-element elementor-element-de27fd5 elementor-widget elementor-widget-text-editor\" data-id=\"de27fd5\" data-element_type=\"widget\" data-e-type=\"widget\" data-widget_type=\"text-editor.default\">\n\t\t\t\t<div class=\"elementor-widget-container\">\n\t\t\t\t\t\t\t\t\t<div>Tallillamme on sek\u00e4 v\u00e4limeren miniaaseja ett\u00e4 tavallisia aaseja.\u00a0Osa niist\u00e4 on Suomessa syntyneit\u00e4 ja osa on tuotu ulkomailta. Kaikkia niit\u00e4 yhdist\u00e4\u00e4 utelias ja yst\u00e4v\u00e4llinen suhtautuminen ihmisiin.\u00a0Jokainen aaseista on oma ihana persoonansa ja t\u00e4rke\u00e4 osa tallin aasilaumaa. Lis\u00e4tietoja Suomessa harvinaisista v\u00e4limeren miniaaseista l\u00f6yd\u00e4t niiden\u00a0<a href=\"https:\/\/www.hevostoimintavalkas.com\/palvelut\/valimeren-miniaasit\/\">omalta tietosivulta<\/a>.<\/div><div>\u00a0<\/div><div><p>Aasimme ty\u00f6skentelev\u00e4t sek\u00e4 kotitallilla, mets\u00e4retkill\u00e4 ett\u00e4 erilaisissa tapahtumissa. Mik\u00e4li aasien seura kiinnostaa tai haluaisit ne osallistumaan sinun tapahtumaasi, niin <a href=\"https:\/\/satuaasintalli.fi\/index.php\/varaa-ilmoittaudu-tapahtumaan\/\">otahan yhteytt\u00e4<\/a>!\u00a0<\/p><\/div>\t\t\t\t\t\t\t\t<\/div>\n\t\t\t\t<\/div>\n\t\t\t\t\t<\/div>\n\t\t<\/div>\n\t\t\t\t\t<\/div>\n\t\t<\/section>\n\t\t\t\t<section class=\"elementor-section elementor-inner-section elementor-element elementor-element-acf648b envato-kit-141-top-0 elementor-section-boxed elementor-section-height-default elementor-section-height-default\" data-id=\"acf648b\" data-element_type=\"section\" data-e-type=\"section\">\n\t\t\t\t\t\t<div class=\"elementor-container elementor-column-gap-default\">\n\t\t\t\t\t<div class=\"elementor-column elementor-col-50 elementor-inner-column elementor-element elementor-element-42fa686 elementor-invisible\" data-id=\"42fa686\" data-element_type=\"column\" data-e-type=\"column\" data-settings=\"{&quot;background_background&quot;:&quot;classic&quot;,&quot;animation&quot;:&quot;fadeIn&quot;,&quot;animation_delay&quot;:&quot;100&quot;}\">\n\t\t\t<div class=\"elementor-widget-wrap elementor-element-populated\">\n\t\t\t\t\t\t<div class=\"elementor-element elementor-element-ea116c0 elementor-widget elementor-widget-image\" data-id=\"ea116c0\" data-element_type=\"widget\" data-e-type=\"widget\" data-widget_type=\"image.default\">\n\t\t\t\t<div class=\"elementor-widget-container\">\n\t\t\t\t\t\t\t\t\t\t\t\t\t\t\t<img decoding=\"async\" width=\"200\" height=\"300\" src=\"https:\/\/satuaasintalli.fi\/wp-content\/uploads\/2023\/07\/satuaasintalli-28-200x300.jpg\" class=\"attachment-medium size-medium wp-image-1692\" alt=\"\" srcset=\"https:\/\/satuaasintalli.fi\/wp-content\/uploads\/2023\/07\/satuaasintalli-28-200x300.jpg 200w, https:\/\/satuaasintalli.fi\/wp-content\/uploads\/2023\/07\/satuaasintalli-28-scaled-600x900.jpg 600w, https:\/\/satuaasintalli.fi\/wp-content\/uploads\/2023\/07\/satuaasintalli-28-683x1024.jpg 683w, https:\/\/satuaasintalli.fi\/wp-content\/uploads\/2023\/07\/satuaasintalli-28-768x1152.jpg 768w, https:\/\/satuaasintalli.fi\/wp-content\/uploads\/2023\/07\/satuaasintalli-28-1024x1536.jpg 1024w, https:\/\/satuaasintalli.fi\/wp-content\/uploads\/2023\/07\/satuaasintalli-28-1365x2048.jpg 1365w, https:\/\/satuaasintalli.fi\/wp-content\/uploads\/2023\/07\/satuaasintalli-28-1200x1800.jpg 1200w, https:\/\/satuaasintalli.fi\/wp-content\/uploads\/2023\/07\/satuaasintalli-28-1980x2970.jpg 1980w, https:\/\/satuaasintalli.fi\/wp-content\/uploads\/2023\/07\/satuaasintalli-28-scaled.jpg 1707w\" sizes=\"(max-width: 200px) 100vw, 200px\" \/>\t\t\t\t\t\t\t\t\t\t\t\t\t\t\t<\/div>\n\t\t\t\t<\/div>\n\t\t\t\t<div class=\"elementor-element elementor-element-13966b7 elementor-widget elementor-widget-heading\" data-id=\"13966b7\" data-element_type=\"widget\" data-e-type=\"widget\" data-widget_type=\"heading.default\">\n\t\t\t\t<div class=\"elementor-widget-container\">\n\t\t\t\t\t<h2 class=\"elementor-heading-title elementor-size-default\">Calle<\/h2>\t\t\t\t<\/div>\n\t\t\t\t<\/div>\n\t\t\t\t<div class=\"elementor-element elementor-element-eccdd82 elementor-widget elementor-widget-text-editor\" data-id=\"eccdd82\" data-element_type=\"widget\" data-e-type=\"widget\" data-widget_type=\"text-editor.default\">\n\t\t\t\t<div class=\"elementor-widget-container\">\n\t\t\t\t\t\t\t\t\t<p>Calle on v\u00e4limeren miniaasiruuna ja oikealta nimelt\u00e4\u00e4n Arom\u00e4en Challenger. Calle syntyi meid\u00e4n tallilla 21.7.2018. Callen el\u00e4m\u00e4n alkutaival oli haastava, sill\u00e4 sen em\u00e4 hylk\u00e4si sen heti syntym\u00e4n j\u00e4lkeen. Onneksi Callelle l\u00f6ytyi aasitamma keinoem\u00e4ksi, joka huolehti varsasta hyvin. Koska Calle kuitenkin vaati tavallista enemm\u00e4n hoitoa ja lis\u00e4ruokintaa my\u00f6s ihmisen toimesta, on Callesta kehkeytynyt eritt\u00e4in sosiaalinen ja ihmisrakas pikkuaasi. Se seurailee mielell\u00e4\u00e4n ihmisten tallipuuhailua ja on usein ensimm\u00e4isen\u00e4 tervehtim\u00e4ss\u00e4 tallille tulevia vierailijoita. T\u00e4st\u00e4 syyst\u00e4 Calle tekee vierailuja tapahtumiin sek\u00e4 ulko- ett\u00e4 sis\u00e4tiloihin. Aasiagilityss\u00e4 Calle on todella taitava. Calle on v\u00e4rilt\u00e4\u00e4n ruskea ja sill\u00e4 on aasinristi. Callen s\u00e4k\u00e4korkeus on vain noin 76 cm.<\/p>\t\t\t\t\t\t\t\t<\/div>\n\t\t\t\t<\/div>\n\t\t\t\t\t<\/div>\n\t\t<\/div>\n\t\t\t\t<div class=\"elementor-column elementor-col-50 elementor-inner-column elementor-element elementor-element-2eb09da elementor-invisible\" data-id=\"2eb09da\" data-element_type=\"column\" data-e-type=\"column\" data-settings=\"{&quot;background_background&quot;:&quot;classic&quot;,&quot;animation&quot;:&quot;fadeIn&quot;,&quot;animation_delay&quot;:&quot;100&quot;}\">\n\t\t\t<div class=\"elementor-widget-wrap elementor-element-populated\">\n\t\t\t\t\t\t<div class=\"elementor-element elementor-element-b4fdeae elementor-widget elementor-widget-image\" data-id=\"b4fdeae\" data-element_type=\"widget\" data-e-type=\"widget\" data-widget_type=\"image.default\">\n\t\t\t\t<div class=\"elementor-widget-container\">\n\t\t\t\t\t\t\t\t\t\t\t\t\t\t\t<img loading=\"lazy\" decoding=\"async\" width=\"225\" height=\"300\" src=\"https:\/\/satuaasintalli.fi\/wp-content\/uploads\/2024\/12\/20241107_134444-225x300.jpg\" class=\"attachment-medium size-medium wp-image-2531\" alt=\"Kirjava aasi Tony kulkee kameraa kohti\" srcset=\"https:\/\/satuaasintalli.fi\/wp-content\/uploads\/2024\/12\/20241107_134444-225x300.jpg 225w, https:\/\/satuaasintalli.fi\/wp-content\/uploads\/2024\/12\/20241107_134444-rotated-600x800.jpg 600w, https:\/\/satuaasintalli.fi\/wp-content\/uploads\/2024\/12\/20241107_134444-768x1024.jpg 768w, https:\/\/satuaasintalli.fi\/wp-content\/uploads\/2024\/12\/20241107_134444-rotated.jpg 1000w\" sizes=\"(max-width: 225px) 100vw, 225px\" \/>\t\t\t\t\t\t\t\t\t\t\t\t\t\t\t<\/div>\n\t\t\t\t<\/div>\n\t\t\t\t<div class=\"elementor-element elementor-element-2483097 elementor-widget elementor-widget-heading\" data-id=\"2483097\" data-element_type=\"widget\" data-e-type=\"widget\" data-widget_type=\"heading.default\">\n\t\t\t\t<div class=\"elementor-widget-container\">\n\t\t\t\t\t<h2 class=\"elementor-heading-title elementor-size-default\">Tony<\/h2>\t\t\t\t<\/div>\n\t\t\t\t<\/div>\n\t\t\t\t<div class=\"elementor-element elementor-element-bd04de5 elementor-widget elementor-widget-text-editor\" data-id=\"bd04de5\" data-element_type=\"widget\" data-e-type=\"widget\" data-widget_type=\"text-editor.default\">\n\t\t\t\t<div class=\"elementor-widget-container\">\n\t\t\t\t\t\t\t\t\t<p>Tony saapui Suomeen vuonna 2024 Tanskasta. Se on syntynyt vuonna 2009 ja on v\u00e4ritykselt\u00e4\u00e4n kirjava ja sill\u00e4 on aasinristi. Tony on rauhallinen ja yst\u00e4v\u00e4llinen aasi, joka pit\u00e4\u00e4 harjailusta. Tony osaa vet\u00e4\u00e4 k\u00e4rryj\u00e4 ja pienet lapset voivat sill\u00e4 ratsastaa. Se harjoittelee muita tallin ty\u00f6teht\u00e4vi\u00e4 viel\u00e4, mutta siit\u00e4 tulee varmasti mainio osa SatuAasien laumaa. Tonyn s\u00e4k\u00e4korkeus on noin 110 cm.<\/p>\t\t\t\t\t\t\t\t<\/div>\n\t\t\t\t<\/div>\n\t\t\t\t\t<\/div>\n\t\t<\/div>\n\t\t\t\t\t<\/div>\n\t\t<\/section>\n\t\t\t\t<section class=\"elementor-section elementor-inner-section elementor-element elementor-element-872bb43 envato-kit-141-top-0 elementor-section-boxed elementor-section-height-default elementor-section-height-default\" data-id=\"872bb43\" data-element_type=\"section\" data-e-type=\"section\">\n\t\t\t\t\t\t<div class=\"elementor-container elementor-column-gap-default\">\n\t\t\t\t\t<div class=\"elementor-column elementor-col-50 elementor-inner-column elementor-element elementor-element-effa0fa elementor-invisible\" data-id=\"effa0fa\" data-element_type=\"column\" data-e-type=\"column\" data-settings=\"{&quot;background_background&quot;:&quot;classic&quot;,&quot;animation&quot;:&quot;fadeIn&quot;,&quot;animation_delay&quot;:&quot;100&quot;}\">\n\t\t\t<div class=\"elementor-widget-wrap elementor-element-populated\">\n\t\t\t\t\t\t<div class=\"elementor-element elementor-element-073da03 elementor-widget elementor-widget-image\" data-id=\"073da03\" data-element_type=\"widget\" data-e-type=\"widget\" data-widget_type=\"image.default\">\n\t\t\t\t<div class=\"elementor-widget-container\">\n\t\t\t\t\t\t\t\t\t\t\t\t\t\t\t<img loading=\"lazy\" decoding=\"async\" width=\"225\" height=\"300\" src=\"https:\/\/satuaasintalli.fi\/wp-content\/uploads\/2023\/07\/Topi-225x300.jpg\" class=\"attachment-medium size-medium wp-image-1693\" alt=\"\" srcset=\"https:\/\/satuaasintalli.fi\/wp-content\/uploads\/2023\/07\/Topi-225x300.jpg 225w, https:\/\/satuaasintalli.fi\/wp-content\/uploads\/2023\/07\/Topi-scaled-600x800.jpg 600w, https:\/\/satuaasintalli.fi\/wp-content\/uploads\/2023\/07\/Topi-768x1024.jpg 768w, https:\/\/satuaasintalli.fi\/wp-content\/uploads\/2023\/07\/Topi-1152x1536.jpg 1152w, https:\/\/satuaasintalli.fi\/wp-content\/uploads\/2023\/07\/Topi-1536x2048.jpg 1536w, https:\/\/satuaasintalli.fi\/wp-content\/uploads\/2023\/07\/Topi-1200x1600.jpg 1200w, https:\/\/satuaasintalli.fi\/wp-content\/uploads\/2023\/07\/Topi-1980x2640.jpg 1980w, https:\/\/satuaasintalli.fi\/wp-content\/uploads\/2023\/07\/Topi-scaled.jpg 1920w\" sizes=\"(max-width: 225px) 100vw, 225px\" \/>\t\t\t\t\t\t\t\t\t\t\t\t\t\t\t<\/div>\n\t\t\t\t<\/div>\n\t\t\t\t<div class=\"elementor-element elementor-element-2b3a8d1 elementor-widget elementor-widget-heading\" data-id=\"2b3a8d1\" data-element_type=\"widget\" data-e-type=\"widget\" data-widget_type=\"heading.default\">\n\t\t\t\t<div class=\"elementor-widget-container\">\n\t\t\t\t\t<h2 class=\"elementor-heading-title elementor-size-default\">Topi<\/h2>\t\t\t\t<\/div>\n\t\t\t\t<\/div>\n\t\t\t\t<div class=\"elementor-element elementor-element-45ef9a4 elementor-widget elementor-widget-text-editor\" data-id=\"45ef9a4\" data-element_type=\"widget\" data-e-type=\"widget\" data-widget_type=\"text-editor.default\">\n\t\t\t\t<div class=\"elementor-widget-container\">\n\t\t\t\t\t\t\t\t\t<p><span style=\"letter-spacing: -0.27px;\">Topi saapui Suomeen 2023 Hollannista ja se on syntynyt vuonna 2018. Se on v\u00e4limeren miniaasi ja s\u00e4k\u00e4korkeudeltaan noin 83 cm. Topi on yst\u00e4v\u00e4llinen aasi, joka on tasaisen varma, mutta rauhallinen etenij\u00e4 mets\u00e4retkill\u00e4. Se rakastaa rapsutuksia ja on maltillinen my\u00f6s erityisryhmiin kuuluvien asiakkaiden kanssa. Topista koulutetaan aasi, joka tekee my\u00f6s sis\u00e4tilavierailuita. Topi on v\u00e4ritykselt\u00e4\u00e4n harmaa ja sill\u00e4 on aasinristi. Sen tunnistaa hyvin siit\u00e4, ett\u00e4 vasemmalla puolella lavassa aasinristi katkeaa ja jatkuu viel\u00e4 hieman.<\/span><\/p>\t\t\t\t\t\t\t\t<\/div>\n\t\t\t\t<\/div>\n\t\t\t\t\t<\/div>\n\t\t<\/div>\n\t\t\t\t<div class=\"elementor-column elementor-col-50 elementor-inner-column elementor-element elementor-element-ed21ef0 elementor-invisible\" data-id=\"ed21ef0\" data-element_type=\"column\" data-e-type=\"column\" data-settings=\"{&quot;background_background&quot;:&quot;classic&quot;,&quot;animation&quot;:&quot;fadeIn&quot;,&quot;animation_delay&quot;:&quot;100&quot;}\">\n\t\t\t<div class=\"elementor-widget-wrap elementor-element-populated\">\n\t\t\t\t\t\t<div class=\"elementor-element elementor-element-c5c158d elementor-widget elementor-widget-image\" data-id=\"c5c158d\" data-element_type=\"widget\" data-e-type=\"widget\" data-widget_type=\"image.default\">\n\t\t\t\t<div class=\"elementor-widget-container\">\n\t\t\t\t\t\t\t\t\t\t\t\t\t\t\t<img loading=\"lazy\" decoding=\"async\" width=\"225\" height=\"300\" src=\"https:\/\/satuaasintalli.fi\/wp-content\/uploads\/2023\/07\/20220623_140930-225x300.jpg\" class=\"attachment-medium size-medium wp-image-1691\" alt=\"Aasi k\u00e4rryjen edess\u00e4\" srcset=\"https:\/\/satuaasintalli.fi\/wp-content\/uploads\/2023\/07\/20220623_140930-225x300.jpg 225w, https:\/\/satuaasintalli.fi\/wp-content\/uploads\/2023\/07\/20220623_140930-scaled-600x800.jpg 600w, https:\/\/satuaasintalli.fi\/wp-content\/uploads\/2023\/07\/20220623_140930-768x1024.jpg 768w, https:\/\/satuaasintalli.fi\/wp-content\/uploads\/2023\/07\/20220623_140930-1152x1536.jpg 1152w, https:\/\/satuaasintalli.fi\/wp-content\/uploads\/2023\/07\/20220623_140930-1536x2048.jpg 1536w, https:\/\/satuaasintalli.fi\/wp-content\/uploads\/2023\/07\/20220623_140930-1200x1600.jpg 1200w, https:\/\/satuaasintalli.fi\/wp-content\/uploads\/2023\/07\/20220623_140930-1980x2640.jpg 1980w, https:\/\/satuaasintalli.fi\/wp-content\/uploads\/2023\/07\/20220623_140930-scaled.jpg 1920w\" sizes=\"(max-width: 225px) 100vw, 225px\" \/>\t\t\t\t\t\t\t\t\t\t\t\t\t\t\t<\/div>\n\t\t\t\t<\/div>\n\t\t\t\t<div class=\"elementor-element elementor-element-8470195 elementor-widget elementor-widget-heading\" data-id=\"8470195\" data-element_type=\"widget\" data-e-type=\"widget\" data-widget_type=\"heading.default\">\n\t\t\t\t<div class=\"elementor-widget-container\">\n\t\t\t\t\t<h2 class=\"elementor-heading-title elementor-size-default\">Donna<\/h2>\t\t\t\t<\/div>\n\t\t\t\t<\/div>\n\t\t\t\t<div class=\"elementor-element elementor-element-b866fff elementor-widget elementor-widget-text-editor\" data-id=\"b866fff\" data-element_type=\"widget\" data-e-type=\"widget\" data-widget_type=\"text-editor.default\">\n\t\t\t\t<div class=\"elementor-widget-container\">\n\t\t\t\t\t\t\t\t\t<p>Donna on tullut Suomeen vuonna 2022 ja se on syntynyt vuonna 2014. Donna on todella rauhallinen ja rakastaa rapsutuksia ja harjailua. Donna on koulutettu ajo- ja ratsuaasiksi ja se varmajalkaisesti kantaa sel\u00e4ss\u00e4\u00e4n pienempi\u00e4 lapsia talutusratsastuksessa. Donna on usein my\u00f6s mets\u00e4retkill\u00e4 mukana ja agilityakin se oppi nopeasti tekem\u00e4\u00e4n. Donnan v\u00e4ritys on harmaa ja sill\u00e4 on aasinristi. Donnan s\u00e4k\u00e4korkeus on noin 102 cm.<\/p>\t\t\t\t\t\t\t\t<\/div>\n\t\t\t\t<\/div>\n\t\t\t\t\t<\/div>\n\t\t<\/div>\n\t\t\t\t\t<\/div>\n\t\t<\/section>\n\t\t\t\t\t<\/div>\n\t\t<\/div>\n\t\t\t\t\t<\/div>\n\t\t<\/section>\n\t\t\t\t<\/div>\n\t\t","protected":false},"excerpt":{"rendered":"<p>Keit\u00e4 on SatuAasit? SatuAasin talliin\u00a0kuuluvat Satu Valkas (se kaksijalkainen monitoimity\u00f6l\u00e4inen) sek\u00e4 pihattotallissa asuvat aasit (ne nelijalkaiset s\u00f6p\u00f6l\u00e4iset). SatuAaseja voivat olla my\u00f6s kaikki, jotka tallille tulevat, ihastuvat aaseihin ja haluavat oppia niist\u00e4 lis\u00e4\u00e4. Aasien yst\u00e4v\u00e4llisyys, rentous ja sosiaalisuus ovat herk\u00e4sti k\u00e4vij\u00f6ihin tarttuvia ominaisuuksia. Olennaisimmat tiedot Sadusta psykologi (PsM, 2012)el\u00e4inavusteinen neuropsykiatrinen valmentaja (2023)sosiaalipedagoginen hevostoimintaohjaaja (SPHT\u00ae, 2016)GreenCare -ohjaaja [&hellip;]<\/p>\n","protected":false},"author":1,"featured_media":0,"parent":0,"menu_order":0,"comment_status":"closed","ping_status":"closed","template":"elementor_header_footer","meta":{"footnotes":""},"class_list":["post-437","page","type-page","status-publish","hentry"],"yoast_head":"<!-- This site is optimized with the Yoast SEO plugin v27.5 - https:\/\/yoast.com\/product\/yoast-seo-wordpress\/ -->\n<title>Keit\u00e4 on SatuAasit? - SatuAasin talli<\/title>\n<meta name=\"description\" content=\"SatuAasin talliin\u00a0kuuluvat Satu Valkas sek\u00e4 pihattotallissa asuvat nelijalkaiset ja pitk\u00e4korvaiset aasit Kanta-H\u00e4meess\u00e4 Lopella.\" \/>\n<meta name=\"robots\" content=\"index, follow, max-snippet:-1, max-image-preview:large, max-video-preview:-1\" \/>\n<link rel=\"canonical\" href=\"https:\/\/satuaasintalli.fi\/index.php\/satuaasit\/\" \/>\n<meta property=\"og:locale\" content=\"fi_FI\" \/>\n<meta property=\"og:type\" content=\"article\" \/>\n<meta property=\"og:title\" content=\"Keit\u00e4 on SatuAasit? - SatuAasin talli\" \/>\n<meta property=\"og:description\" content=\"SatuAasin talliin\u00a0kuuluvat Satu Valkas sek\u00e4 pihattotallissa asuvat nelijalkaiset ja pitk\u00e4korvaiset aasit Kanta-H\u00e4meess\u00e4 Lopella.\" \/>\n<meta property=\"og:url\" content=\"https:\/\/satuaasintalli.fi\/index.php\/satuaasit\/\" \/>\n<meta property=\"og:site_name\" content=\"SatuAasin talli\" \/>\n<meta property=\"article:publisher\" content=\"https:\/\/www.facebook.com\/hevostoimintavalkas\/\" \/>\n<meta property=\"article:modified_time\" content=\"2025-01-07T06:45:05+00:00\" \/>\n<meta property=\"og:image\" content=\"https:\/\/satuaasintalli.fi\/wp-content\/uploads\/2024\/12\/241018_16_WEB.jpg\" \/>\n\t<meta property=\"og:image:width\" content=\"1463\" \/>\n\t<meta property=\"og:image:height\" content=\"2048\" \/>\n\t<meta property=\"og:image:type\" content=\"image\/jpeg\" \/>\n<meta name=\"twitter:card\" content=\"summary_large_image\" \/>\n<meta name=\"twitter:label1\" content=\"Arvioitu lukuaika\" \/>\n\t<meta name=\"twitter:data1\" content=\"5 minuuttia\" \/>\n<script type=\"application\/ld+json\" class=\"yoast-schema-graph\">{\"@context\":\"https:\\\/\\\/schema.org\",\"@graph\":[{\"@type\":\"WebPage\",\"@id\":\"https:\\\/\\\/satuaasintalli.fi\\\/index.php\\\/satuaasit\\\/\",\"url\":\"https:\\\/\\\/satuaasintalli.fi\\\/index.php\\\/satuaasit\\\/\",\"name\":\"Keit\u00e4 on SatuAasit? - SatuAasin talli\",\"isPartOf\":{\"@id\":\"https:\\\/\\\/satuaasintalli.fi\\\/#website\"},\"primaryImageOfPage\":{\"@id\":\"https:\\\/\\\/satuaasintalli.fi\\\/index.php\\\/satuaasit\\\/#primaryimage\"},\"image\":{\"@id\":\"https:\\\/\\\/satuaasintalli.fi\\\/index.php\\\/satuaasit\\\/#primaryimage\"},\"thumbnailUrl\":\"https:\\\/\\\/satuaasintalli.fi\\\/wp-content\\\/uploads\\\/2024\\\/12\\\/241018_16_WEB-768x1075.jpg\",\"datePublished\":\"2022-03-03T15:40:19+00:00\",\"dateModified\":\"2025-01-07T06:45:05+00:00\",\"description\":\"SatuAasin talliin\u00a0kuuluvat Satu Valkas sek\u00e4 pihattotallissa asuvat nelijalkaiset ja pitk\u00e4korvaiset aasit Kanta-H\u00e4meess\u00e4 Lopella.\",\"breadcrumb\":{\"@id\":\"https:\\\/\\\/satuaasintalli.fi\\\/index.php\\\/satuaasit\\\/#breadcrumb\"},\"inLanguage\":\"fi\",\"potentialAction\":[{\"@type\":\"ReadAction\",\"target\":[\"https:\\\/\\\/satuaasintalli.fi\\\/index.php\\\/satuaasit\\\/\"]}]},{\"@type\":\"ImageObject\",\"inLanguage\":\"fi\",\"@id\":\"https:\\\/\\\/satuaasintalli.fi\\\/index.php\\\/satuaasit\\\/#primaryimage\",\"url\":\"https:\\\/\\\/satuaasintalli.fi\\\/wp-content\\\/uploads\\\/2024\\\/12\\\/241018_16_WEB.jpg\",\"contentUrl\":\"https:\\\/\\\/satuaasintalli.fi\\\/wp-content\\\/uploads\\\/2024\\\/12\\\/241018_16_WEB.jpg\",\"width\":1463,\"height\":2048,\"caption\":\"Satu ja miniaasi Calle\"},{\"@type\":\"BreadcrumbList\",\"@id\":\"https:\\\/\\\/satuaasintalli.fi\\\/index.php\\\/satuaasit\\\/#breadcrumb\",\"itemListElement\":[{\"@type\":\"ListItem\",\"position\":1,\"name\":\"Home\",\"item\":\"https:\\\/\\\/satuaasintalli.fi\\\/\"},{\"@type\":\"ListItem\",\"position\":2,\"name\":\"Keit\u00e4 on SatuAasit?\"}]},{\"@type\":\"WebSite\",\"@id\":\"https:\\\/\\\/satuaasintalli.fi\\\/#website\",\"url\":\"https:\\\/\\\/satuaasintalli.fi\\\/\",\"name\":\"SatuAasin talli\",\"description\":\"SatuAasin tallin kotisivut ja verkkokauppa\",\"publisher\":{\"@id\":\"https:\\\/\\\/satuaasintalli.fi\\\/#organization\"},\"potentialAction\":[{\"@type\":\"SearchAction\",\"target\":{\"@type\":\"EntryPoint\",\"urlTemplate\":\"https:\\\/\\\/satuaasintalli.fi\\\/?s={search_term_string}\"},\"query-input\":{\"@type\":\"PropertyValueSpecification\",\"valueRequired\":true,\"valueName\":\"search_term_string\"}}],\"inLanguage\":\"fi\"},{\"@type\":\"Organization\",\"@id\":\"https:\\\/\\\/satuaasintalli.fi\\\/#organization\",\"name\":\"SatuAasin talli\",\"url\":\"https:\\\/\\\/satuaasintalli.fi\\\/\",\"logo\":{\"@type\":\"ImageObject\",\"inLanguage\":\"fi\",\"@id\":\"https:\\\/\\\/satuaasintalli.fi\\\/#\\\/schema\\\/logo\\\/image\\\/\",\"url\":\"https:\\\/\\\/satuaasintalli.fi\\\/wp-content\\\/uploads\\\/2022\\\/03\\\/SatuAasin-talli-logo.png\",\"contentUrl\":\"https:\\\/\\\/satuaasintalli.fi\\\/wp-content\\\/uploads\\\/2022\\\/03\\\/SatuAasin-talli-logo.png\",\"width\":500,\"height\":523,\"caption\":\"SatuAasin talli\"},\"image\":{\"@id\":\"https:\\\/\\\/satuaasintalli.fi\\\/#\\\/schema\\\/logo\\\/image\\\/\"},\"sameAs\":[\"https:\\\/\\\/www.facebook.com\\\/hevostoimintavalkas\\\/\",\"https:\\\/\\\/www.instagram.com\\\/satuaasintalli\\\/?hl=fi\"]}]}<\/script>\n<!-- \/ Yoast SEO plugin. -->","yoast_head_json":{"title":"Keit\u00e4 on SatuAasit? - SatuAasin talli","description":"SatuAasin talliin\u00a0kuuluvat Satu Valkas sek\u00e4 pihattotallissa asuvat nelijalkaiset ja pitk\u00e4korvaiset aasit Kanta-H\u00e4meess\u00e4 Lopella.","robots":{"index":"index","follow":"follow","max-snippet":"max-snippet:-1","max-image-preview":"max-image-preview:large","max-video-preview":"max-video-preview:-1"},"canonical":"https:\/\/satuaasintalli.fi\/index.php\/satuaasit\/","og_locale":"fi_FI","og_type":"article","og_title":"Keit\u00e4 on SatuAasit? - SatuAasin talli","og_description":"SatuAasin talliin\u00a0kuuluvat Satu Valkas sek\u00e4 pihattotallissa asuvat nelijalkaiset ja pitk\u00e4korvaiset aasit Kanta-H\u00e4meess\u00e4 Lopella.","og_url":"https:\/\/satuaasintalli.fi\/index.php\/satuaasit\/","og_site_name":"SatuAasin talli","article_publisher":"https:\/\/www.facebook.com\/hevostoimintavalkas\/","article_modified_time":"2025-01-07T06:45:05+00:00","og_image":[{"width":1463,"height":2048,"url":"https:\/\/satuaasintalli.fi\/wp-content\/uploads\/2024\/12\/241018_16_WEB.jpg","type":"image\/jpeg"}],"twitter_card":"summary_large_image","twitter_misc":{"Arvioitu lukuaika":"5 minuuttia"},"schema":{"@context":"https:\/\/schema.org","@graph":[{"@type":"WebPage","@id":"https:\/\/satuaasintalli.fi\/index.php\/satuaasit\/","url":"https:\/\/satuaasintalli.fi\/index.php\/satuaasit\/","name":"Keit\u00e4 on SatuAasit? - SatuAasin talli","isPartOf":{"@id":"https:\/\/satuaasintalli.fi\/#website"},"primaryImageOfPage":{"@id":"https:\/\/satuaasintalli.fi\/index.php\/satuaasit\/#primaryimage"},"image":{"@id":"https:\/\/satuaasintalli.fi\/index.php\/satuaasit\/#primaryimage"},"thumbnailUrl":"https:\/\/satuaasintalli.fi\/wp-content\/uploads\/2024\/12\/241018_16_WEB-768x1075.jpg","datePublished":"2022-03-03T15:40:19+00:00","dateModified":"2025-01-07T06:45:05+00:00","description":"SatuAasin talliin\u00a0kuuluvat Satu Valkas sek\u00e4 pihattotallissa asuvat nelijalkaiset ja pitk\u00e4korvaiset aasit Kanta-H\u00e4meess\u00e4 Lopella.","breadcrumb":{"@id":"https:\/\/satuaasintalli.fi\/index.php\/satuaasit\/#breadcrumb"},"inLanguage":"fi","potentialAction":[{"@type":"ReadAction","target":["https:\/\/satuaasintalli.fi\/index.php\/satuaasit\/"]}]},{"@type":"ImageObject","inLanguage":"fi","@id":"https:\/\/satuaasintalli.fi\/index.php\/satuaasit\/#primaryimage","url":"https:\/\/satuaasintalli.fi\/wp-content\/uploads\/2024\/12\/241018_16_WEB.jpg","contentUrl":"https:\/\/satuaasintalli.fi\/wp-content\/uploads\/2024\/12\/241018_16_WEB.jpg","width":1463,"height":2048,"caption":"Satu ja miniaasi Calle"},{"@type":"BreadcrumbList","@id":"https:\/\/satuaasintalli.fi\/index.php\/satuaasit\/#breadcrumb","itemListElement":[{"@type":"ListItem","position":1,"name":"Home","item":"https:\/\/satuaasintalli.fi\/"},{"@type":"ListItem","position":2,"name":"Keit\u00e4 on SatuAasit?"}]},{"@type":"WebSite","@id":"https:\/\/satuaasintalli.fi\/#website","url":"https:\/\/satuaasintalli.fi\/","name":"SatuAasin talli","description":"SatuAasin tallin kotisivut ja verkkokauppa","publisher":{"@id":"https:\/\/satuaasintalli.fi\/#organization"},"potentialAction":[{"@type":"SearchAction","target":{"@type":"EntryPoint","urlTemplate":"https:\/\/satuaasintalli.fi\/?s={search_term_string}"},"query-input":{"@type":"PropertyValueSpecification","valueRequired":true,"valueName":"search_term_string"}}],"inLanguage":"fi"},{"@type":"Organization","@id":"https:\/\/satuaasintalli.fi\/#organization","name":"SatuAasin talli","url":"https:\/\/satuaasintalli.fi\/","logo":{"@type":"ImageObject","inLanguage":"fi","@id":"https:\/\/satuaasintalli.fi\/#\/schema\/logo\/image\/","url":"https:\/\/satuaasintalli.fi\/wp-content\/uploads\/2022\/03\/SatuAasin-talli-logo.png","contentUrl":"https:\/\/satuaasintalli.fi\/wp-content\/uploads\/2022\/03\/SatuAasin-talli-logo.png","width":500,"height":523,"caption":"SatuAasin talli"},"image":{"@id":"https:\/\/satuaasintalli.fi\/#\/schema\/logo\/image\/"},"sameAs":["https:\/\/www.facebook.com\/hevostoimintavalkas\/","https:\/\/www.instagram.com\/satuaasintalli\/?hl=fi"]}]}},"_links":{"self":[{"href":"https:\/\/satuaasintalli.fi\/index.php\/wp-json\/wp\/v2\/pages\/437","targetHints":{"allow":["GET"]}}],"collection":[{"href":"https:\/\/satuaasintalli.fi\/index.php\/wp-json\/wp\/v2\/pages"}],"about":[{"href":"https:\/\/satuaasintalli.fi\/index.php\/wp-json\/wp\/v2\/types\/page"}],"author":[{"embeddable":true,"href":"https:\/\/satuaasintalli.fi\/index.php\/wp-json\/wp\/v2\/users\/1"}],"replies":[{"embeddable":true,"href":"https:\/\/satuaasintalli.fi\/index.php\/wp-json\/wp\/v2\/comments?post=437"}],"version-history":[{"count":32,"href":"https:\/\/satuaasintalli.fi\/index.php\/wp-json\/wp\/v2\/pages\/437\/revisions"}],"predecessor-version":[{"id":2608,"href":"https:\/\/satuaasintalli.fi\/index.php\/wp-json\/wp\/v2\/pages\/437\/revisions\/2608"}],"wp:attachment":[{"href":"https:\/\/satuaasintalli.fi\/index.php\/wp-json\/wp\/v2\/media?parent=437"}],"curies":[{"name":"wp","href":"https:\/\/api.w.org\/{rel}","templated":true}]}}