{"id":322,"date":"2022-03-03T12:09:24","date_gmt":"2022-03-03T12:09:24","guid":{"rendered":"https:\/\/satuaasintalli.fi\/?page_id=322"},"modified":"2025-08-08T11:36:15","modified_gmt":"2025-08-08T09:36:15","slug":"avoimet-ovet","status":"publish","type":"page","link":"https:\/\/satuaasintalli.fi\/index.php\/avoimet-ovet\/","title":{"rendered":"Aasitilojen avoimet ovet"},"content":{"rendered":"\t\t<div data-elementor-type=\"wp-page\" data-elementor-id=\"322\" class=\"elementor elementor-322\" data-elementor-post-type=\"page\">\n\t\t\t\t\t\t<section class=\"elementor-section elementor-top-section elementor-element elementor-element-df64036 elementor-reverse-mobile elementor-section-boxed elementor-section-height-default elementor-section-height-default\" data-id=\"df64036\" data-element_type=\"section\" data-e-type=\"section\" data-settings=\"{&quot;background_background&quot;:&quot;classic&quot;}\">\n\t\t\t\t\t\t<div class=\"elementor-container elementor-column-gap-default\">\n\t\t\t\t\t<div class=\"elementor-column elementor-col-100 elementor-top-column elementor-element elementor-element-1526b8f\" data-id=\"1526b8f\" data-element_type=\"column\" data-e-type=\"column\">\n\t\t\t<div class=\"elementor-widget-wrap elementor-element-populated\">\n\t\t\t\t\t\t<div class=\"elementor-element elementor-element-d6633a3 elementor-widget elementor-widget-heading\" data-id=\"d6633a3\" data-element_type=\"widget\" data-e-type=\"widget\" data-widget_type=\"heading.default\">\n\t\t\t\t<div class=\"elementor-widget-container\">\n\t\t\t\t\t<h2 class=\"elementor-heading-title elementor-size-xl\">Aasitilojen avoimet ovet<\/h2>\t\t\t\t<\/div>\n\t\t\t\t<\/div>\n\t\t\t\t<div class=\"elementor-element elementor-element-3dda39f elementor-widget elementor-widget-text-editor\" data-id=\"3dda39f\" data-element_type=\"widget\" data-e-type=\"widget\" data-widget_type=\"text-editor.default\">\n\t\t\t\t<div class=\"elementor-widget-container\">\n\t\t\t\t\t\t\t\t\t<p>Aasitilojen avoimet ovet j\u00e4rjestet\u00e4\u00e4n taas seuraavan kerran elokuun ensimm\u00e4isen\u00e4 viikonloppuna 2026!<\/p><p>Tapahtumaan on ilmainen sis\u00e4\u00e4np\u00e4\u00e4sy, mutta lompakko on hyv\u00e4 olla mukana, jotta voit nautiskella kahvilan antimista ja hankkia kotiin viemisiksi aasimaisia tuotteita ja oman tilan perunaa sek\u00e4 muita kes\u00e4kauden herkkuja. S\u00e4\u00e4ll\u00e4 kuin s\u00e4\u00e4ll\u00e4 aasit ovat n\u00e4ht\u00e4vill\u00e4 ja rapsuteltavissa, sill\u00e4 mahdollisen sateen tullessa tallista ja latokahvilasta l\u00f6ytyy mukavasti sadesuojaa k\u00e4vij\u00f6ille.<\/p>\t\t\t\t\t\t\t\t<\/div>\n\t\t\t\t<\/div>\n\t\t\t\t<div class=\"elementor-element elementor-element-8214f60 elementor-widget elementor-widget-text-editor\" data-id=\"8214f60\" data-element_type=\"widget\" data-e-type=\"widget\" data-widget_type=\"text-editor.default\">\n\t\t\t\t<div class=\"elementor-widget-container\">\n\t\t\t\t\t\t\t\t\t<p><span style=\"font-size: 1em; letter-spacing: -0.015em;\">Avoimien ovien aikana tallilla voit<\/span><\/p><ul><li>rapsutella ja valokuvata aaseja<\/li><li>viett\u00e4\u00e4 mukavan tuokion el\u00e4inten parissa<\/li><li>nauttia tunnelmallisen latokahvilan antimista (mm. kahvia, teet\u00e4, mehua, piirakoita, kakkua, vuohenmaitoj\u00e4\u00e4tel\u00f6\u00e4)<\/li><li><span style=\"font-size: inherit; text-align: inherit; letter-spacing: -0.015em;\">hankkia lahjakortin tallin palveluihin<\/span><\/li><li>hankkia aasiaiheisia tuotteita (mm. avaimenperi\u00e4, tiskir\u00e4ttej\u00e4, mukeja, kangaskasseja, pehmoleluja)<\/li><li>kysy\u00e4 mielt\u00e4 askarruttavia aasiasioita<\/li><li>osallistua tunnin turpatuokion arvontaan (tunnin puuhailutuokio aasien kanssa)<\/li><li><span style=\"font-size: inherit; text-align: inherit; letter-spacing: -0.015em;\">osallistua aasimaisten teht\u00e4v\u00e4pisteiden suorittamiseen<\/span><\/li><li><span style=\"font-size: inherit; text-align: inherit; letter-spacing: -0.015em;\">lapsille keppihevosrata, trampoliini ja kiipeilyteline k\u00e4yt\u00f6ss\u00e4 (omalla vastuulla)<\/span><\/li><li>katsoa aasiagilityn\u00e4yt\u00f6st\u00e4 klo 11.30 ja 13.30 (s\u00e4\u00e4varaus)<\/li><li><span style=\"font-size: inherit; text-align: inherit; letter-spacing: -0.015em;\">ostaa meid\u00e4n maatilan perunoita sek\u00e4 yhteisty\u00f6viljelij\u00e4n sipuli- ja porkkananippuja (rajoitettu er\u00e4)<\/span><\/li><li><span style=\"font-size: inherit; text-align: inherit; letter-spacing: -0.015em;\">tehd\u00e4 ostoksia poni\/aasitarvikekirppikselt\u00e4.<\/span><\/li><\/ul><div><div>Jotta k\u00e4ynti tallilla olisi kaikkien osalta miellytt\u00e4v\u00e4, huomioithan seuraavat asiat<\/div><ul><li>Parkkeeraa auto niille merkityille alueille siten, ett\u00e4 autosi ei est\u00e4 muiden autojen liikkumista piha-alueella.<\/li><li>El\u00e4imi\u00e4 saa rapsutella, jos ne tulevat k\u00e4den ulottuville. Paras paikka rapsutuksille on aasin kaula ja selk\u00e4 (ei niink\u00e4\u00e4n korvat).<\/li><li>Aitauksiin ei saa menn\u00e4 sis\u00e4lle.<\/li><li>El\u00e4imill\u00e4 riitt\u00e4\u00e4 aitauksessa sy\u00f6t\u00e4v\u00e4\u00e4, joten eth\u00e4n ruoki el\u00e4imi\u00e4.<\/li><li>Liikkuminen alueella tapahtuu omalla vastuulla.<\/li><li>Katsele, kysele ja ihastele niin kauan kuin mielesi tekee.<\/li><li>Tuotteiden maksu onnistuu k\u00e4teisell\u00e4, kortilla tai MobilePaylla.<\/li><li>J\u00e4t\u00e4 puumerkkisi vieraskirjaan, jotta aasit tiet\u00e4v\u00e4t, montako ihmist\u00e4 heit\u00e4 k\u00e4vi ihastelemassa.<\/li><li>Omien koirien tuonti tilalle on kielletty.<\/li><li>Puucee on tallilla k\u00e4ytett\u00e4viss\u00e4.<\/li><\/ul><\/div>\t\t\t\t\t\t\t\t<\/div>\n\t\t\t\t<\/div>\n\t\t\t\t\t<\/div>\n\t\t<\/div>\n\t\t\t\t\t<\/div>\n\t\t<\/section>\n\t\t\t\t<section class=\"elementor-section elementor-top-section elementor-element elementor-element-0c4dc33 elementor-section-boxed elementor-section-height-default elementor-section-height-default\" data-id=\"0c4dc33\" data-element_type=\"section\" data-e-type=\"section\">\n\t\t\t\t\t\t<div class=\"elementor-container elementor-column-gap-default\">\n\t\t\t\t\t<div class=\"elementor-column elementor-col-50 elementor-top-column elementor-element elementor-element-6e604ce\" data-id=\"6e604ce\" data-element_type=\"column\" data-e-type=\"column\">\n\t\t\t<div class=\"elementor-widget-wrap elementor-element-populated\">\n\t\t\t\t\t\t<div class=\"elementor-element elementor-element-93c5ffe elementor-widget elementor-widget-text-editor\" data-id=\"93c5ffe\" data-element_type=\"widget\" data-e-type=\"widget\" data-widget_type=\"text-editor.default\">\n\t\t\t\t<div class=\"elementor-widget-container\">\n\t\t\t\t\t\t\t\t\t<p>Perille l\u00f6yt\u00e4\u00e4 hyvin seuraamalla l\u00e4himmiss\u00e4 risteyskohdissa olevia aasin kuvalla varustettuja opastekylttej\u00e4. Osoite on Tev\u00e4nn\u00f6n pikatie 191, Loppi (Google Maps tunnistaa my\u00f6s m\u00e4\u00e4r\u00e4np\u00e4\u00e4ksi SatuAasin talli). Parkkipaikat on merkitty piha-alueella P-kyltein, joten eth\u00e4n parkkeeraa muualle (my\u00f6s liikenteenohjaajan neuvoja kannattaa seurata). Alueella liikkuu my\u00f6s maatalousajoneuvoja.<\/p>\t\t\t\t\t\t\t\t<\/div>\n\t\t\t\t<\/div>\n\t\t\t\t\t<\/div>\n\t\t<\/div>\n\t\t\t\t<div class=\"elementor-column elementor-col-50 elementor-top-column elementor-element elementor-element-84c61cf\" data-id=\"84c61cf\" data-element_type=\"column\" data-e-type=\"column\">\n\t\t\t<div class=\"elementor-widget-wrap elementor-element-populated\">\n\t\t\t\t\t\t<div class=\"elementor-element elementor-element-98e64f4 elementor-widget elementor-widget-image\" data-id=\"98e64f4\" data-element_type=\"widget\" data-e-type=\"widget\" data-widget_type=\"image.default\">\n\t\t\t\t<div class=\"elementor-widget-container\">\n\t\t\t\t\t\t\t\t\t\t\t\t\t\t\t<img fetchpriority=\"high\" decoding=\"async\" width=\"580\" height=\"310\" src=\"https:\/\/satuaasintalli.fi\/wp-content\/uploads\/2022\/03\/Aasi_musta-1024x548.png\" class=\"attachment-large size-large wp-image-716\" alt=\"Musta aasin profiilikuva\" srcset=\"https:\/\/satuaasintalli.fi\/wp-content\/uploads\/2022\/03\/Aasi_musta-1024x548.png 1024w, https:\/\/satuaasintalli.fi\/wp-content\/uploads\/2022\/03\/Aasi_musta-600x321.png 600w, https:\/\/satuaasintalli.fi\/wp-content\/uploads\/2022\/03\/Aasi_musta-300x160.png 300w, https:\/\/satuaasintalli.fi\/wp-content\/uploads\/2022\/03\/Aasi_musta-768x411.png 768w, https:\/\/satuaasintalli.fi\/wp-content\/uploads\/2022\/03\/Aasi_musta-1536x821.png 1536w, https:\/\/satuaasintalli.fi\/wp-content\/uploads\/2022\/03\/Aasi_musta-1200x642.png 1200w, https:\/\/satuaasintalli.fi\/wp-content\/uploads\/2022\/03\/Aasi_musta.png 1947w\" sizes=\"(max-width: 580px) 100vw, 580px\" \/>\t\t\t\t\t\t\t\t\t\t\t\t\t\t\t<\/div>\n\t\t\t\t<\/div>\n\t\t\t\t\t<\/div>\n\t\t<\/div>\n\t\t\t\t\t<\/div>\n\t\t<\/section>\n\t\t\t\t<section class=\"elementor-section elementor-top-section elementor-element elementor-element-d9937d3 elementor-reverse-mobile elementor-section-boxed elementor-section-height-default elementor-section-height-default\" data-id=\"d9937d3\" data-element_type=\"section\" data-e-type=\"section\" data-settings=\"{&quot;background_background&quot;:&quot;classic&quot;}\">\n\t\t\t\t\t\t<div class=\"elementor-container elementor-column-gap-default\">\n\t\t\t\t\t<div class=\"elementor-column elementor-col-100 elementor-top-column elementor-element elementor-element-9d76c79\" data-id=\"9d76c79\" data-element_type=\"column\" data-e-type=\"column\">\n\t\t\t<div class=\"elementor-widget-wrap elementor-element-populated\">\n\t\t\t\t\t\t<div class=\"elementor-element elementor-element-06e9608 elementor-widget elementor-widget-heading\" data-id=\"06e9608\" data-element_type=\"widget\" data-e-type=\"widget\" data-widget_type=\"heading.default\">\n\t\t\t\t<div class=\"elementor-widget-container\">\n\t\t\t\t\t<h2 class=\"elementor-heading-title elementor-size-xl\">Aiempien vuosien tunnelmia<\/h2>\t\t\t\t<\/div>\n\t\t\t\t<\/div>\n\t\t\t\t<div class=\"elementor-element elementor-element-625d69f elementor-widget elementor-widget-text-editor\" data-id=\"625d69f\" data-element_type=\"widget\" data-e-type=\"widget\" data-widget_type=\"text-editor.default\">\n\t\t\t\t<div class=\"elementor-widget-container\">\n\t\t\t\t\t\t\t\t\t<div>Lauantaina <strong>2.8.2025<\/strong> tallilla oli kuusia aasia n\u00e4ht\u00e4viss\u00e4, joista yksi oli aasivarsa Annabelle. Aasiagilityn\u00e4yt\u00f6s ker\u00e4si katsojia ja talliymp\u00e4rist\u00f6ss\u00e4 olevia teht\u00e4v\u00e4pisteit\u00e4 kierrettiin mielenkiinnolla. Latokahvila tarjoili herkkujaan. Aasiaiheisia tuotteita sek\u00e4 kauden juureksia l\u00e4hti kotiin viemisiksi.\u00a0<\/div><div>\u00a0<\/div><div>Lauantaina <b>3.8.24<\/b> tallilla oli kuusi aasia n\u00e4ht\u00e4viss\u00e4. Aasiagilityn\u00e4yt\u00f6s oli suosittu ja samalla kerrottiin aasien kouluttamisesta ja niiden k\u00e4yt\u00f6st\u00e4 asiakasty\u00f6ss\u00e4. Donna-aasi antoi lapsille talutusratsastuksessa kyydityksen. Ensimm\u00e4ist\u00e4 kertaa oli auki my\u00f6s maatilan latokahvila, jossa sai nauttia itsetehdyist\u00e4 leivonnaisista ja ostaa kotiin viemiseksi aasimaisia tuotteita sek\u00e4 perunoita ja muita tuoretuotteita. K\u00e4vij\u00f6it\u00e4 oli noin 200 ja vaikka sateen uhka olikin ilmassa onneksi s\u00e4\u00e4 kuitenkin suosi ja saimme viett\u00e4\u00e4 p\u00e4iv\u00e4\u00e4 aurinkoisessa keliss\u00e4.<\/div><div>\u00a0<\/div><div>Lauantaina <b>5.8.23<\/b> tallilla oli paikalla 8 aasia.\u00a0<span style=\"font-size: 1em; letter-spacing: -0.27px;\">Aasiagilityn\u00e4yt\u00f6s viihdytti k\u00e4vij\u00f6it\u00e4 pari kertaa ja Donna-aasi ratsutti lapsia.<\/span><span style=\"font-size: inherit; text-align: inherit; letter-spacing: -0.015em;\">\u00a0Aasit olivat muuten ihasteltavissa aitauksessaan ja niit\u00e4 sai silitell\u00e4. Buffetin antimet sek\u00e4 kotiin viet\u00e4v\u00e4t aasiaiheiset tuotteet ja oman tilan perunat tekiv\u00e4t kauppansa.<\/span><\/div><div>\u00a0<\/div><div>Sunnuntaina <strong>7.8.22<\/strong> tallilla oli enn\u00e4tysm\u00e4\u00e4r\u00e4 aaseja, jopa 12. Niist\u00e4 osa oli myynniss\u00e4 ja myyt\u00e4v\u00e4n\u00e4 oli my\u00f6s t\u00e4n\u00e4 vuonna julkaistu Aasinostajan opasta. P\u00e4iv\u00e4n aikana pidettiin kolme aasiagilityn\u00e4yt\u00f6st\u00e4, jotka kiinnostivat katsojia. S\u00e4\u00e4 suosi ja k\u00e4vij\u00f6it\u00e4 oli noin 200 henkil\u00f6\u00e4.<\/div><div>\u00a0<\/div><div>Sunnuntaina\u00a0<strong>1.8.21<\/strong>\u00a0avoimet ovet j\u00e4rjestettiin muutaman rajoitustoimen kera (edelleen koronaviruksesta johtuen). Tallilla oli pienimuotoinen buffetti, aasivisaan sai osallistua, aaseja sai rapsutella ja myynniss\u00e4 oli my\u00f6s oman tilan perunaa ja muutamia aasituotteita. Sateinen keli selv\u00e4sti verotti k\u00e4vij\u00f6iden m\u00e4\u00e4r\u00e4\u00e4 ja aasitkin viihtyiv\u00e4t paljon pihaton sis\u00e4tiloissa. Auringon pilkist\u00e4ess\u00e4 aasitkin uskaltautuivat ulos ja olivat mielell\u00e4\u00e4n ihmisten rapsuteltavina.<\/div><div>\u00a0<\/div><div>Sunnuntaina\u00a0<strong>2.8.20<\/strong> avoimet ovet olivat koronarajoituksista huolimatta onnistuneet sek\u00e4 s\u00e4\u00e4lt\u00e4\u00e4n ett\u00e4 k\u00e4vij\u00e4m\u00e4\u00e4r\u00e4lt\u00e4\u00e4n. Tunnelma tallilla oli mukava ja Yosef aasin k\u00e4rryajelut ilahduttivat ihmisi\u00e4. Kaisa M\u00e4\u00e4tt\u00e4nen piti vuolun\u00e4yt\u00f6ksen hoitaen aasien kaviot kuntoon. Piknik-alueella oli ruokailijoita ja osa tilasi valmiiksi itselleen piknik-ev\u00e4\u00e4tkin tallilta.<\/div><div>\u00a0<\/div><div>Lauantaina\u00a0<strong>10.8.19<\/strong>\u00a0tallimme avoimissa ovissa ihmisi\u00e4 tervehtiv\u00e4t miniaasit R\u00f6lli ja Calle sek\u00e4 niiden isommat laumatoverit Yosef ja Jummi. Paikalla oli edellisten vuosien tapaan buffetti sek\u00e4 mahdollisuus ostaa aasituotteita ja tilamme perunaa. Aasitietovisassa sai n\u00e4ytt\u00e4\u00e4 aasitiet\u00e4myksens\u00e4 ja voittaa sen mukaan palkintoja. K\u00e4vij\u00f6it\u00e4 oli mukavasti koko aukioloajan ja yhteens\u00e4 tallilla k\u00e4vi hieman vajaa 100 henkil\u00f6\u00e4. Kiitos kaikille k\u00e4ynnist\u00e4!<\/div><div>\u00a0<\/div><div>Lauantaina\u00a0<strong>4.8.18\u00a0<\/strong>tilamme avoimissa ovissa aaseja oli paikalla kolme: miniaasit R\u00f6lli ja vasta vajaa kuukauden ik\u00e4inen Calle-varsa sek\u00e4 Callen keinoem\u00e4 Oomi (joka on tavallinen aasi). Tilalla k\u00e4vi noin 150 ihmist\u00e4 ihastelemassa tallimme asukkaita. Paikalla olleen kahvilan ja arpajaisten tuotto k\u00e4ytettiin Callen ja sen keinoem\u00e4n hoitokuluihin. Iso kiitos kaikille k\u00e4vij\u00f6ille ja Callen el\u00e4m\u00e4n alkutaivalta tukeneille!<\/div><div>\u00a0<\/div><div>Tunnelmia p\u00e4iv\u00e4st\u00e4 voi k\u00e4yd\u00e4 kurkkaamassa\u00a0<a href=\"https:\/\/web.facebook.com\/hevostoimintavalkas\/photos\/pcb.1878969695543296\/1878967655543500\/?type=3&amp;theater\" target=\"_blank\" rel=\"noopener\">Facebookista<\/a>.<\/div><div>\u00a0<\/div><div>\u00a0<\/div><div>Lauantaina\u00a0<strong>5.8.17<\/strong>\u00a0oli Suomen aasiyhdistyksen j\u00e4rjest\u00e4m\u00e4 aasitilojen avoimien ovien p\u00e4iv\u00e4. Tuolloin klo 11-14 pystyi mukaan ilmoittautuneilla aasitiloilla vierailla maksutta ihastelemassa aaseja ja tapaamassa muita aaseista pit\u00e4vi\u00e4 ihmisi\u00e4. My\u00f6s meid\u00e4n<\/div><p>talli oli tuolloin auki. Paikalla k\u00e4vi my\u00f6s Yle H\u00e4meen toimittaja, joka teki haastattelun sek\u00e4 nettiuutisen kuntouttavaa ty\u00f6t\u00e4 tekevist\u00e4 miniaaseista. K\u00e4vij\u00f6it\u00e4 oli sateisesta ilmasta huolimatta mukava m\u00e4\u00e4r\u00e4 ja moni n\u00e4ki ensimm\u00e4ist\u00e4 kertaa el\u00e4m\u00e4ss\u00e4\u00e4n v\u00e4limeren miniaaseja ihkael\u00e4vin\u00e4. Kiitos kaikille k\u00e4ynnist\u00e4!<\/p><p>Kuvasatoa p\u00e4iv\u00e4st\u00e4 voit k\u00e4yd\u00e4 katsomassa\u00a0<a href=\"https:\/\/www.facebook.com\/permalink.php?story_fbid=1447654838674786&amp;id=822577331182543\" target=\"_blank\" rel=\"noopener\">Facebook-sivuiltamme<\/a>.<br \/>Uutisen voi k\u00e4yd\u00e4 lukemassa\u00a0<a href=\"https:\/\/yle.fi\/uutiset\/3-9765746\" target=\"_blank\" rel=\"noopener\">Ylen sivuilta.<\/a><\/p><div><p><strong><em>Tervetuloa uudelleen!<\/em><\/strong><\/p><\/div>\t\t\t\t\t\t\t\t<\/div>\n\t\t\t\t<\/div>\n\t\t\t\t\t<\/div>\n\t\t<\/div>\n\t\t\t\t\t<\/div>\n\t\t<\/section>\n\t\t\t\t<\/div>\n\t\t","protected":false},"excerpt":{"rendered":"<p>Aasitilojen avoimet ovet Aasitilojen avoimet ovet j\u00e4rjestet\u00e4\u00e4n taas seuraavan kerran elokuun ensimm\u00e4isen\u00e4 viikonloppuna 2026! Tapahtumaan on ilmainen sis\u00e4\u00e4np\u00e4\u00e4sy, mutta lompakko on hyv\u00e4 olla mukana, jotta voit nautiskella kahvilan antimista ja hankkia kotiin viemisiksi aasimaisia tuotteita ja oman tilan perunaa sek\u00e4 muita kes\u00e4kauden herkkuja. S\u00e4\u00e4ll\u00e4 kuin s\u00e4\u00e4ll\u00e4 aasit ovat n\u00e4ht\u00e4vill\u00e4 ja rapsuteltavissa, sill\u00e4 mahdollisen sateen tullessa [&hellip;]<\/p>\n","protected":false},"author":1,"featured_media":0,"parent":0,"menu_order":0,"comment_status":"closed","ping_status":"closed","template":"elementor_header_footer","meta":{"footnotes":""},"class_list":["post-322","page","type-page","status-publish","hentry"],"yoast_head":"<!-- This site is optimized with the Yoast SEO plugin v27.5 - https:\/\/yoast.com\/product\/yoast-seo-wordpress\/ -->\n<title>Aasitilojen avoimet ovet - SatuAasin talli<\/title>\n<meta name=\"description\" content=\"Tervetuloa tutustumaan SatuAaseihin Lopelle Aasitilojen avointen ovien p\u00e4iv\u00e4n\u00e4! Tavattavissa ovat kaikki aasimme ihan l\u00e4hiet\u00e4isyydelt\u00e4!\" \/>\n<meta name=\"robots\" content=\"index, follow, max-snippet:-1, max-image-preview:large, max-video-preview:-1\" \/>\n<link rel=\"canonical\" href=\"https:\/\/satuaasintalli.fi\/index.php\/avoimet-ovet\/\" \/>\n<meta property=\"og:locale\" content=\"fi_FI\" \/>\n<meta property=\"og:type\" content=\"article\" \/>\n<meta property=\"og:title\" content=\"Aasitilojen avoimet ovet - SatuAasin talli\" \/>\n<meta property=\"og:description\" content=\"Tervetuloa tutustumaan SatuAaseihin Lopelle Aasitilojen avointen ovien p\u00e4iv\u00e4n\u00e4! Tavattavissa ovat kaikki aasimme ihan l\u00e4hiet\u00e4isyydelt\u00e4!\" \/>\n<meta property=\"og:url\" content=\"https:\/\/satuaasintalli.fi\/index.php\/avoimet-ovet\/\" \/>\n<meta property=\"og:site_name\" content=\"SatuAasin talli\" \/>\n<meta property=\"article:publisher\" content=\"https:\/\/www.facebook.com\/hevostoimintavalkas\/\" \/>\n<meta property=\"article:modified_time\" content=\"2025-08-08T09:36:15+00:00\" \/>\n<meta property=\"og:image\" content=\"https:\/\/satuaasintalli.fi\/wp-content\/uploads\/2022\/03\/Aasi_musta.png\" \/>\n\t<meta property=\"og:image:width\" content=\"1947\" \/>\n\t<meta property=\"og:image:height\" content=\"1041\" \/>\n\t<meta property=\"og:image:type\" content=\"image\/png\" \/>\n<meta name=\"twitter:card\" content=\"summary_large_image\" \/>\n<meta name=\"twitter:label1\" content=\"Arvioitu lukuaika\" \/>\n\t<meta name=\"twitter:data1\" content=\"5 minuuttia\" \/>\n<script type=\"application\/ld+json\" class=\"yoast-schema-graph\">{\"@context\":\"https:\\\/\\\/schema.org\",\"@graph\":[{\"@type\":\"WebPage\",\"@id\":\"https:\\\/\\\/satuaasintalli.fi\\\/index.php\\\/avoimet-ovet\\\/\",\"url\":\"https:\\\/\\\/satuaasintalli.fi\\\/index.php\\\/avoimet-ovet\\\/\",\"name\":\"Aasitilojen avoimet ovet - SatuAasin talli\",\"isPartOf\":{\"@id\":\"https:\\\/\\\/satuaasintalli.fi\\\/#website\"},\"primaryImageOfPage\":{\"@id\":\"https:\\\/\\\/satuaasintalli.fi\\\/index.php\\\/avoimet-ovet\\\/#primaryimage\"},\"image\":{\"@id\":\"https:\\\/\\\/satuaasintalli.fi\\\/index.php\\\/avoimet-ovet\\\/#primaryimage\"},\"thumbnailUrl\":\"https:\\\/\\\/satuaasintalli.fi\\\/wp-content\\\/uploads\\\/2022\\\/03\\\/Aasi_musta-1024x548.png\",\"datePublished\":\"2022-03-03T12:09:24+00:00\",\"dateModified\":\"2025-08-08T09:36:15+00:00\",\"description\":\"Tervetuloa tutustumaan SatuAaseihin Lopelle Aasitilojen avointen ovien p\u00e4iv\u00e4n\u00e4! Tavattavissa ovat kaikki aasimme ihan l\u00e4hiet\u00e4isyydelt\u00e4!\",\"breadcrumb\":{\"@id\":\"https:\\\/\\\/satuaasintalli.fi\\\/index.php\\\/avoimet-ovet\\\/#breadcrumb\"},\"inLanguage\":\"fi\",\"potentialAction\":[{\"@type\":\"ReadAction\",\"target\":[\"https:\\\/\\\/satuaasintalli.fi\\\/index.php\\\/avoimet-ovet\\\/\"]}]},{\"@type\":\"ImageObject\",\"inLanguage\":\"fi\",\"@id\":\"https:\\\/\\\/satuaasintalli.fi\\\/index.php\\\/avoimet-ovet\\\/#primaryimage\",\"url\":\"https:\\\/\\\/satuaasintalli.fi\\\/wp-content\\\/uploads\\\/2022\\\/03\\\/Aasi_musta.png\",\"contentUrl\":\"https:\\\/\\\/satuaasintalli.fi\\\/wp-content\\\/uploads\\\/2022\\\/03\\\/Aasi_musta.png\",\"width\":1947,\"height\":1041,\"caption\":\"Musta aasin profiilikuva\"},{\"@type\":\"BreadcrumbList\",\"@id\":\"https:\\\/\\\/satuaasintalli.fi\\\/index.php\\\/avoimet-ovet\\\/#breadcrumb\",\"itemListElement\":[{\"@type\":\"ListItem\",\"position\":1,\"name\":\"Home\",\"item\":\"https:\\\/\\\/satuaasintalli.fi\\\/\"},{\"@type\":\"ListItem\",\"position\":2,\"name\":\"Aasitilojen avoimet ovet\"}]},{\"@type\":\"WebSite\",\"@id\":\"https:\\\/\\\/satuaasintalli.fi\\\/#website\",\"url\":\"https:\\\/\\\/satuaasintalli.fi\\\/\",\"name\":\"SatuAasin talli\",\"description\":\"SatuAasin tallin kotisivut ja verkkokauppa\",\"publisher\":{\"@id\":\"https:\\\/\\\/satuaasintalli.fi\\\/#organization\"},\"potentialAction\":[{\"@type\":\"SearchAction\",\"target\":{\"@type\":\"EntryPoint\",\"urlTemplate\":\"https:\\\/\\\/satuaasintalli.fi\\\/?s={search_term_string}\"},\"query-input\":{\"@type\":\"PropertyValueSpecification\",\"valueRequired\":true,\"valueName\":\"search_term_string\"}}],\"inLanguage\":\"fi\"},{\"@type\":\"Organization\",\"@id\":\"https:\\\/\\\/satuaasintalli.fi\\\/#organization\",\"name\":\"SatuAasin talli\",\"url\":\"https:\\\/\\\/satuaasintalli.fi\\\/\",\"logo\":{\"@type\":\"ImageObject\",\"inLanguage\":\"fi\",\"@id\":\"https:\\\/\\\/satuaasintalli.fi\\\/#\\\/schema\\\/logo\\\/image\\\/\",\"url\":\"https:\\\/\\\/satuaasintalli.fi\\\/wp-content\\\/uploads\\\/2022\\\/03\\\/SatuAasin-talli-logo.png\",\"contentUrl\":\"https:\\\/\\\/satuaasintalli.fi\\\/wp-content\\\/uploads\\\/2022\\\/03\\\/SatuAasin-talli-logo.png\",\"width\":500,\"height\":523,\"caption\":\"SatuAasin talli\"},\"image\":{\"@id\":\"https:\\\/\\\/satuaasintalli.fi\\\/#\\\/schema\\\/logo\\\/image\\\/\"},\"sameAs\":[\"https:\\\/\\\/www.facebook.com\\\/hevostoimintavalkas\\\/\",\"https:\\\/\\\/www.instagram.com\\\/satuaasintalli\\\/?hl=fi\"]}]}<\/script>\n<!-- \/ Yoast SEO plugin. -->","yoast_head_json":{"title":"Aasitilojen avoimet ovet - SatuAasin talli","description":"Tervetuloa tutustumaan SatuAaseihin Lopelle Aasitilojen avointen ovien p\u00e4iv\u00e4n\u00e4! Tavattavissa ovat kaikki aasimme ihan l\u00e4hiet\u00e4isyydelt\u00e4!","robots":{"index":"index","follow":"follow","max-snippet":"max-snippet:-1","max-image-preview":"max-image-preview:large","max-video-preview":"max-video-preview:-1"},"canonical":"https:\/\/satuaasintalli.fi\/index.php\/avoimet-ovet\/","og_locale":"fi_FI","og_type":"article","og_title":"Aasitilojen avoimet ovet - SatuAasin talli","og_description":"Tervetuloa tutustumaan SatuAaseihin Lopelle Aasitilojen avointen ovien p\u00e4iv\u00e4n\u00e4! Tavattavissa ovat kaikki aasimme ihan l\u00e4hiet\u00e4isyydelt\u00e4!","og_url":"https:\/\/satuaasintalli.fi\/index.php\/avoimet-ovet\/","og_site_name":"SatuAasin talli","article_publisher":"https:\/\/www.facebook.com\/hevostoimintavalkas\/","article_modified_time":"2025-08-08T09:36:15+00:00","og_image":[{"width":1947,"height":1041,"url":"https:\/\/satuaasintalli.fi\/wp-content\/uploads\/2022\/03\/Aasi_musta.png","type":"image\/png"}],"twitter_card":"summary_large_image","twitter_misc":{"Arvioitu lukuaika":"5 minuuttia"},"schema":{"@context":"https:\/\/schema.org","@graph":[{"@type":"WebPage","@id":"https:\/\/satuaasintalli.fi\/index.php\/avoimet-ovet\/","url":"https:\/\/satuaasintalli.fi\/index.php\/avoimet-ovet\/","name":"Aasitilojen avoimet ovet - SatuAasin talli","isPartOf":{"@id":"https:\/\/satuaasintalli.fi\/#website"},"primaryImageOfPage":{"@id":"https:\/\/satuaasintalli.fi\/index.php\/avoimet-ovet\/#primaryimage"},"image":{"@id":"https:\/\/satuaasintalli.fi\/index.php\/avoimet-ovet\/#primaryimage"},"thumbnailUrl":"https:\/\/satuaasintalli.fi\/wp-content\/uploads\/2022\/03\/Aasi_musta-1024x548.png","datePublished":"2022-03-03T12:09:24+00:00","dateModified":"2025-08-08T09:36:15+00:00","description":"Tervetuloa tutustumaan SatuAaseihin Lopelle Aasitilojen avointen ovien p\u00e4iv\u00e4n\u00e4! Tavattavissa ovat kaikki aasimme ihan l\u00e4hiet\u00e4isyydelt\u00e4!","breadcrumb":{"@id":"https:\/\/satuaasintalli.fi\/index.php\/avoimet-ovet\/#breadcrumb"},"inLanguage":"fi","potentialAction":[{"@type":"ReadAction","target":["https:\/\/satuaasintalli.fi\/index.php\/avoimet-ovet\/"]}]},{"@type":"ImageObject","inLanguage":"fi","@id":"https:\/\/satuaasintalli.fi\/index.php\/avoimet-ovet\/#primaryimage","url":"https:\/\/satuaasintalli.fi\/wp-content\/uploads\/2022\/03\/Aasi_musta.png","contentUrl":"https:\/\/satuaasintalli.fi\/wp-content\/uploads\/2022\/03\/Aasi_musta.png","width":1947,"height":1041,"caption":"Musta aasin profiilikuva"},{"@type":"BreadcrumbList","@id":"https:\/\/satuaasintalli.fi\/index.php\/avoimet-ovet\/#breadcrumb","itemListElement":[{"@type":"ListItem","position":1,"name":"Home","item":"https:\/\/satuaasintalli.fi\/"},{"@type":"ListItem","position":2,"name":"Aasitilojen avoimet ovet"}]},{"@type":"WebSite","@id":"https:\/\/satuaasintalli.fi\/#website","url":"https:\/\/satuaasintalli.fi\/","name":"SatuAasin talli","description":"SatuAasin tallin kotisivut ja verkkokauppa","publisher":{"@id":"https:\/\/satuaasintalli.fi\/#organization"},"potentialAction":[{"@type":"SearchAction","target":{"@type":"EntryPoint","urlTemplate":"https:\/\/satuaasintalli.fi\/?s={search_term_string}"},"query-input":{"@type":"PropertyValueSpecification","valueRequired":true,"valueName":"search_term_string"}}],"inLanguage":"fi"},{"@type":"Organization","@id":"https:\/\/satuaasintalli.fi\/#organization","name":"SatuAasin talli","url":"https:\/\/satuaasintalli.fi\/","logo":{"@type":"ImageObject","inLanguage":"fi","@id":"https:\/\/satuaasintalli.fi\/#\/schema\/logo\/image\/","url":"https:\/\/satuaasintalli.fi\/wp-content\/uploads\/2022\/03\/SatuAasin-talli-logo.png","contentUrl":"https:\/\/satuaasintalli.fi\/wp-content\/uploads\/2022\/03\/SatuAasin-talli-logo.png","width":500,"height":523,"caption":"SatuAasin talli"},"image":{"@id":"https:\/\/satuaasintalli.fi\/#\/schema\/logo\/image\/"},"sameAs":["https:\/\/www.facebook.com\/hevostoimintavalkas\/","https:\/\/www.instagram.com\/satuaasintalli\/?hl=fi"]}]}},"_links":{"self":[{"href":"https:\/\/satuaasintalli.fi\/index.php\/wp-json\/wp\/v2\/pages\/322","targetHints":{"allow":["GET"]}}],"collection":[{"href":"https:\/\/satuaasintalli.fi\/index.php\/wp-json\/wp\/v2\/pages"}],"about":[{"href":"https:\/\/satuaasintalli.fi\/index.php\/wp-json\/wp\/v2\/types\/page"}],"author":[{"embeddable":true,"href":"https:\/\/satuaasintalli.fi\/index.php\/wp-json\/wp\/v2\/users\/1"}],"replies":[{"embeddable":true,"href":"https:\/\/satuaasintalli.fi\/index.php\/wp-json\/wp\/v2\/comments?post=322"}],"version-history":[{"count":85,"href":"https:\/\/satuaasintalli.fi\/index.php\/wp-json\/wp\/v2\/pages\/322\/revisions"}],"predecessor-version":[{"id":3620,"href":"https:\/\/satuaasintalli.fi\/index.php\/wp-json\/wp\/v2\/pages\/322\/revisions\/3620"}],"wp:attachment":[{"href":"https:\/\/satuaasintalli.fi\/index.php\/wp-json\/wp\/v2\/media?parent=322"}],"curies":[{"name":"wp","href":"https:\/\/api.w.org\/{rel}","templated":true}]}}