{"id":317,"date":"2022-03-03T12:00:43","date_gmt":"2022-03-03T12:00:43","guid":{"rendered":"https:\/\/satuaasintalli.fi\/?page_id=317"},"modified":"2026-03-26T22:25:06","modified_gmt":"2026-03-26T20:25:06","slug":"tapahtumakalenteri","status":"publish","type":"page","link":"https:\/\/satuaasintalli.fi\/index.php\/tapahtumakalenteri\/","title":{"rendered":"Tapahtumakalenteri"},"content":{"rendered":"\t\t<div data-elementor-type=\"wp-page\" data-elementor-id=\"317\" class=\"elementor elementor-317\" data-elementor-post-type=\"page\">\n\t\t\t\t\t\t<section class=\"elementor-section elementor-top-section elementor-element elementor-element-203cc8d elementor-reverse-mobile elementor-section-boxed elementor-section-height-default elementor-section-height-default\" data-id=\"203cc8d\" data-element_type=\"section\" data-e-type=\"section\" data-settings=\"{&quot;background_background&quot;:&quot;classic&quot;}\">\n\t\t\t\t\t\t<div class=\"elementor-container elementor-column-gap-default\">\n\t\t\t\t\t<div class=\"elementor-column elementor-col-100 elementor-top-column elementor-element elementor-element-977475c\" data-id=\"977475c\" data-element_type=\"column\" data-e-type=\"column\">\n\t\t\t<div class=\"elementor-widget-wrap elementor-element-populated\">\n\t\t\t\t\t\t<div class=\"elementor-element elementor-element-689fe5b elementor-widget elementor-widget-heading\" data-id=\"689fe5b\" data-element_type=\"widget\" data-e-type=\"widget\" data-widget_type=\"heading.default\">\n\t\t\t\t<div class=\"elementor-widget-container\">\n\t\t\t\t\t<h2 class=\"elementor-heading-title elementor-size-xl\">Tapahtumakalenteri<\/h2>\t\t\t\t<\/div>\n\t\t\t\t<\/div>\n\t\t\t\t<div class=\"elementor-element elementor-element-13039bd elementor-widget elementor-widget-text-editor\" data-id=\"13039bd\" data-element_type=\"widget\" data-e-type=\"widget\" data-widget_type=\"text-editor.default\">\n\t\t\t\t<div class=\"elementor-widget-container\">\n\t\t\t\t\t\t\t\t\t<p>T\u00e4\u00e4lt\u00e4 n\u00e4et sek\u00e4 kaikille avoimet tapahtumat tallillamme ett\u00e4 p\u00e4iv\u00e4t, jolloin aasimme ovat esill\u00e4 muualla tapahtumissa.\u00a0<\/p><p>Ilmoittautuminen tapahtumiin tapahtuu<span style=\"font-size: 1em; letter-spacing: -0.27px;\">\u00a0<\/span><a style=\"font-size: 1em; letter-spacing: -0.27px;\" href=\"http:\/\/kauppa.satuaasintalli.fi\/\" target=\"_blank\" rel=\"noopener\">verkkokaupassamme<\/a><span style=\"font-size: 1em; letter-spacing: -0.27px;\">.<\/span><span style=\"font-size: inherit; text-align: inherit; letter-spacing: -0.015em;\">\u00a0<\/span><span style=\"font-size: inherit; text-align: inherit; letter-spacing: -0.015em;\">Kysele my\u00f6s rohkeasti vapaita\/peruutuspaikkoja<\/span><span style=\"font-size: inherit; text-align: inherit; letter-spacing: -0.015em;\">, vaikka haluamasi tapahtuma n\u00e4ytt\u00e4isi verkkokaupassa loppuunmyydylt\u00e4.<\/span><\/p><p>Jos et p\u00e4\u00e4se mukaan kaikille avoimeen tapahtumaan, niin oman toimintatuokiosi voit varata t\u00e4ytt\u00e4m\u00e4ll\u00e4 <a href=\"https:\/\/forms.gle\/Dhhra9rm4efX1WedA\" target=\"_blank\" rel=\"noopener\">varaus\/tiedustelulomakkeen<\/a>. Kyselyn voi my\u00f6s l\u00e4hett\u00e4\u00e4 s\u00e4hk\u00f6postilla satu(a)satuaasintalli.fi.<\/p><p>Huom! Osassa tapahtumista on s\u00e4\u00e4varaus kovan sateen varalta. Aasit kun eiv\u00e4t tykk\u00e4\u00e4 ulkona sateella olla. Jotkin tapahtumat voidaan toteuttaa my\u00f6s sis\u00e4tiloissa, mutta on hyv\u00e4 seurata ilmoittelua mm. Facebook ja Instagram-sivullamme, sill\u00e4 niiss\u00e4 mahdolliset peruutukset ainakin ilmoitetaan. Tapahtumaan ilmoittautuneille infotaan mahdollisista muutoksista s\u00e4hk\u00f6postitse.<\/p><p><a href=\"https:\/\/satuaasintalli.ck.page\">Tilaa uutiskirje t\u00e4st\u00e4<\/a> ja pysyt senkin avulla perill\u00e4, mit\u00e4 tallilla tapahtuu ja saat k\u00e4ytt\u00f6\u00f6si 10 euron etukoodin tallin verkkokauppaan!<\/p>\t\t\t\t\t\t\t\t<\/div>\n\t\t\t\t<\/div>\n\t\t\t\t\t<\/div>\n\t\t<\/div>\n\t\t\t\t\t<\/div>\n\t\t<\/section>\n\t\t\t\t<section class=\"elementor-section elementor-top-section elementor-element elementor-element-f9de636 elementor-section-content-middle elementor-section-stretched elementor-section-boxed elementor-section-height-default elementor-section-height-default\" data-id=\"f9de636\" data-element_type=\"section\" data-e-type=\"section\" data-settings=\"{&quot;stretch_section&quot;:&quot;section-stretched&quot;,&quot;background_background&quot;:&quot;classic&quot;}\">\n\t\t\t\t\t\t\t<div class=\"elementor-background-overlay\"><\/div>\n\t\t\t\t\t\t\t<div class=\"elementor-container elementor-column-gap-default\">\n\t\t\t\t\t<div class=\"elementor-column elementor-col-100 elementor-top-column elementor-element elementor-element-1ea20f2\" data-id=\"1ea20f2\" data-element_type=\"column\" data-e-type=\"column\" data-settings=\"{&quot;background_background&quot;:&quot;classic&quot;}\">\n\t\t\t<div class=\"elementor-widget-wrap elementor-element-populated\">\n\t\t\t\t\t\t<section class=\"elementor-section elementor-inner-section elementor-element elementor-element-250e830 elementor-section-content-middle elementor-section-boxed elementor-section-height-default elementor-section-height-default\" data-id=\"250e830\" data-element_type=\"section\" data-e-type=\"section\">\n\t\t\t\t\t\t<div class=\"elementor-container elementor-column-gap-wider\">\n\t\t\t\t\t<div class=\"elementor-column elementor-col-100 elementor-inner-column elementor-element elementor-element-03b6287\" data-id=\"03b6287\" data-element_type=\"column\" data-e-type=\"column\">\n\t\t\t<div class=\"elementor-widget-wrap elementor-element-populated\">\n\t\t\t\t\t\t<div class=\"elementor-element elementor-element-d98859f elementor-widget elementor-widget-heading\" data-id=\"d98859f\" data-element_type=\"widget\" data-e-type=\"widget\" data-widget_type=\"heading.default\">\n\t\t\t\t<div class=\"elementor-widget-container\">\n\t\t\t\t\t<h2 class=\"elementor-heading-title elementor-size-large\">Tapahtumat 2026 (lis\u00e4ill\u00e4\u00e4n sit\u00e4 mukaa kun tapahtumia vahvistuu)<br><br>Tulossa mm. perheleirej\u00e4, aasijoogaa, aikuisten aasiretriitti, pitk\u00e4korvien puuhatuokioita, avoimet ovet, mets\u00e4retki\u00e4<\/h2>\t\t\t\t<\/div>\n\t\t\t\t<\/div>\n\t\t\t\t<div class=\"elementor-element elementor-element-dd8c260 elementor-widget__width-initial elementor-widget elementor-widget-text-editor\" data-id=\"dd8c260\" data-element_type=\"widget\" data-e-type=\"widget\" data-widget_type=\"text-editor.default\">\n\t\t\t\t<div class=\"elementor-widget-container\">\n\t\t\t\t\t\t\t\t\t<h2 style=\"font-size: 1.2em; line-height: 1.4em; text-align: left; font-weight: var( --e-global-typography-primary-font-weight ); letter-spacing: 0.5px; font-family: Comfortaa, sans-serif;\" data-elementor-setting-key=\"title\" data-pen-placeholder=\"Kirjoita t\u00e4h\u00e4n...\">Ilmoittautuminen tallin omiin tapahtumiin <strong><a href=\"https:\/\/kauppa.satuaasintalli.fi\">verkkokaupassa<\/a><\/strong><\/h2>\n<div>18.4. Talkoop\u00e4iv\u00e4 tallilla klo 13-17&nbsp;<a style=\"letter-spacing: -0.015em;\" href=\"https:\/\/forms.gle\/TKoz2ZcWDjLgubtZ7\" target=\"_blank\" rel=\"noopener\">Ilmoittaudu mukaan!<\/a><\/div>\n<div>28.4. Aasit ja satukoira Lola tapahtumassa Riihim\u00e4en kirjastolla klo 16-18<br>8.5. Kansainv\u00e4linen aasip\u00e4iv\u00e4<br>9.5. Aasit tapahtumassa Hyria, Hyvink\u00e4\u00e4 klo 9-13<br>21.5. Pitk\u00e4korvien puuhatuokio klo 17-19<br>23.5. Aasien kavionhoitokurssi klo 10-16<br>24.5. H\u00e4meen yritt\u00e4jien tapahtuma tallilla, avoin H\u00e4meen yritt\u00e4jien yksinyritt\u00e4jille perheineen&nbsp;<a style=\"letter-spacing: -0.015em;\" href=\"https:\/\/www.yrittajat.fi\/tapahtumat\/yksinyrittajien-perhetuokio-satuaasin-tallilla\/\" target=\"_blank\" rel=\"noopener\"><b>Lis\u00e4tietoja<\/b><\/a><br>7.6. Aasit Er\u00e4messuilla Riihim\u00e4ell\u00e4<br>13.6. Aasinhoidon ABC -kurssi klo 10-16, Ruusuvuori (Tuusula) Katso lis\u00e4tiedot alla olevasta kuvasta&nbsp;<a style=\"letter-spacing: -0.015em;\" href=\"https:\/\/forms.gle\/K2WM1aM1fvwcnras8\" target=\"_blank\" rel=\"noopener\">Ilmoittautuminen<\/a><\/div>\t\t\t\t\t\t\t\t<\/div>\n\t\t\t\t<\/div>\n\t\t\t\t\t<\/div>\n\t\t<\/div>\n\t\t\t\t\t<\/div>\n\t\t<\/section>\n\t\t\t\t\t<\/div>\n\t\t<\/div>\n\t\t\t\t\t<\/div>\n\t\t<\/section>\n\t\t\t\t<section class=\"elementor-section elementor-top-section elementor-element elementor-element-bd21ce2 elementor-section-boxed elementor-section-height-default elementor-section-height-default\" data-id=\"bd21ce2\" data-element_type=\"section\" data-e-type=\"section\">\n\t\t\t\t\t\t<div class=\"elementor-container elementor-column-gap-default\">\n\t\t\t\t\t<div class=\"elementor-column elementor-col-50 elementor-top-column elementor-element elementor-element-ac7196a\" data-id=\"ac7196a\" data-element_type=\"column\" data-e-type=\"column\">\n\t\t\t<div class=\"elementor-widget-wrap elementor-element-populated\">\n\t\t\t\t\t\t<div class=\"elementor-element elementor-element-1af933d elementor-widget elementor-widget-image\" data-id=\"1af933d\" data-element_type=\"widget\" data-e-type=\"widget\" data-widget_type=\"image.default\">\n\t\t\t\t<div class=\"elementor-widget-container\">\n\t\t\t\t\t\t\t\t\t\t\t\t\t\t\t<img fetchpriority=\"high\" decoding=\"async\" width=\"580\" height=\"486\" src=\"https:\/\/satuaasintalli.fi\/wp-content\/uploads\/2026\/03\/Kaviokurssi-768x644.jpg\" class=\"attachment-medium_large size-medium_large wp-image-3984\" alt=\"\" srcset=\"https:\/\/satuaasintalli.fi\/wp-content\/uploads\/2026\/03\/Kaviokurssi-768x644.jpg 768w, https:\/\/satuaasintalli.fi\/wp-content\/uploads\/2026\/03\/Kaviokurssi-300x251.jpg 300w, https:\/\/satuaasintalli.fi\/wp-content\/uploads\/2026\/03\/Kaviokurssi-600x503.jpg 600w, https:\/\/satuaasintalli.fi\/wp-content\/uploads\/2026\/03\/Kaviokurssi.jpg 940w\" sizes=\"(max-width: 580px) 100vw, 580px\" \/>\t\t\t\t\t\t\t\t\t\t\t\t\t\t\t<\/div>\n\t\t\t\t<\/div>\n\t\t\t\t\t<\/div>\n\t\t<\/div>\n\t\t\t\t<div class=\"elementor-column elementor-col-50 elementor-top-column elementor-element elementor-element-5a8b9b8\" data-id=\"5a8b9b8\" data-element_type=\"column\" data-e-type=\"column\">\n\t\t\t<div class=\"elementor-widget-wrap elementor-element-populated\">\n\t\t\t\t\t\t<div class=\"elementor-element elementor-element-3fb6ba8 elementor-widget elementor-widget-image\" data-id=\"3fb6ba8\" data-element_type=\"widget\" data-e-type=\"widget\" data-widget_type=\"image.default\">\n\t\t\t\t<div class=\"elementor-widget-container\">\n\t\t\t\t\t\t\t\t\t\t\t\t\t\t\t<img decoding=\"async\" width=\"580\" height=\"486\" src=\"https:\/\/satuaasintalli.fi\/wp-content\/uploads\/2026\/03\/Aasinhoidon-abc-Ruusuvuori-768x644.jpg\" class=\"attachment-medium_large size-medium_large wp-image-3982\" alt=\"Mainoskuva aasinhoidon abc kurssista\" srcset=\"https:\/\/satuaasintalli.fi\/wp-content\/uploads\/2026\/03\/Aasinhoidon-abc-Ruusuvuori-768x644.jpg 768w, https:\/\/satuaasintalli.fi\/wp-content\/uploads\/2026\/03\/Aasinhoidon-abc-Ruusuvuori-300x251.jpg 300w, https:\/\/satuaasintalli.fi\/wp-content\/uploads\/2026\/03\/Aasinhoidon-abc-Ruusuvuori-600x503.jpg 600w, https:\/\/satuaasintalli.fi\/wp-content\/uploads\/2026\/03\/Aasinhoidon-abc-Ruusuvuori.jpg 940w\" sizes=\"(max-width: 580px) 100vw, 580px\" \/>\t\t\t\t\t\t\t\t\t\t\t\t\t\t\t<\/div>\n\t\t\t\t<\/div>\n\t\t\t\t\t<\/div>\n\t\t<\/div>\n\t\t\t\t\t<\/div>\n\t\t<\/section>\n\t\t\t\t<section class=\"elementor-section elementor-top-section elementor-element elementor-element-6bfe351 elementor-section-content-middle elementor-section-stretched elementor-section-boxed elementor-section-height-default elementor-section-height-default\" data-id=\"6bfe351\" data-element_type=\"section\" data-e-type=\"section\" data-settings=\"{&quot;stretch_section&quot;:&quot;section-stretched&quot;,&quot;background_background&quot;:&quot;classic&quot;}\">\n\t\t\t\t\t\t\t<div class=\"elementor-background-overlay\"><\/div>\n\t\t\t\t\t\t\t<div class=\"elementor-container elementor-column-gap-default\">\n\t\t\t\t\t<div class=\"elementor-column elementor-col-100 elementor-top-column elementor-element elementor-element-4ba3dee\" data-id=\"4ba3dee\" data-element_type=\"column\" data-e-type=\"column\" data-settings=\"{&quot;background_background&quot;:&quot;classic&quot;}\">\n\t\t\t<div class=\"elementor-widget-wrap elementor-element-populated\">\n\t\t\t\t\t\t<section class=\"elementor-section elementor-inner-section elementor-element elementor-element-28d7f73 elementor-section-content-middle elementor-section-boxed elementor-section-height-default elementor-section-height-default\" data-id=\"28d7f73\" data-element_type=\"section\" data-e-type=\"section\">\n\t\t\t\t\t\t<div class=\"elementor-container elementor-column-gap-wider\">\n\t\t\t\t\t<div class=\"elementor-column elementor-col-100 elementor-inner-column elementor-element elementor-element-8771ce7\" data-id=\"8771ce7\" data-element_type=\"column\" data-e-type=\"column\">\n\t\t\t<div class=\"elementor-widget-wrap elementor-element-populated\">\n\t\t\t\t\t\t<div class=\"elementor-element elementor-element-2a91065 elementor-widget elementor-widget-heading\" data-id=\"2a91065\" data-element_type=\"widget\" data-e-type=\"widget\" data-widget_type=\"heading.default\">\n\t\t\t\t<div class=\"elementor-widget-container\">\n\t\t\t\t\t<h2 class=\"elementor-heading-title elementor-size-default\">Menneet tapahtumat<\/h2>\t\t\t\t<\/div>\n\t\t\t\t<\/div>\n\t\t\t\t<div class=\"elementor-element elementor-element-cf3f8e0 elementor-widget elementor-widget-accordion\" data-id=\"cf3f8e0\" data-element_type=\"widget\" data-e-type=\"widget\" data-widget_type=\"accordion.default\">\n\t\t\t\t<div class=\"elementor-widget-container\">\n\t\t\t\t\t\t\t<div class=\"elementor-accordion\">\n\t\t\t\t\t\t\t<div class=\"elementor-accordion-item\">\n\t\t\t\t\t<div id=\"elementor-tab-title-2171\" class=\"elementor-tab-title\" data-tab=\"1\" role=\"button\" aria-controls=\"elementor-tab-content-2171\" aria-expanded=\"false\">\n\t\t\t\t\t\t\t\t\t\t\t\t\t<span class=\"elementor-accordion-icon elementor-accordion-icon-left\" aria-hidden=\"true\">\n\t\t\t\t\t\t\t\t\t\t\t\t\t\t\t<span class=\"elementor-accordion-icon-closed\"><i class=\"fas fa-plus\"><\/i><\/span>\n\t\t\t\t\t\t\t\t<span class=\"elementor-accordion-icon-opened\"><i class=\"fas fa-minus\"><\/i><\/span>\n\t\t\t\t\t\t\t\t\t\t\t\t\t\t<\/span>\n\t\t\t\t\t\t\t\t\t\t\t\t<a class=\"elementor-accordion-title\" tabindex=\"0\">2025<\/a>\n\t\t\t\t\t<\/div>\n\t\t\t\t\t<div id=\"elementor-tab-content-2171\" class=\"elementor-tab-content elementor-clearfix\" data-tab=\"1\" role=\"region\" aria-labelledby=\"elementor-tab-title-2171\"><p>19.4. 2 h mets\u00e4retki<\/p><p>19.4. Talkoot SatuAasin tallilla<\/p><p>26.4. Aasit Kyt\u00e4j\u00e4 Glow -tapahtumassa, Hyvink\u00e4\u00e4<\/p><p>4.5. Aasinhoidon ABC-kurssi<\/p><p>24.5. Aasin kaviohoidon kurssi<\/p><p>4.6. Mets\u00e4retki 2h<\/p><p>5.6. Perheleiri<\/p><p>7.6. Hevos\/aasiavusteisten ty\u00f6menetelmien workshop<\/p><p>14.6. Aasien k\u00e4sittely ja koulutus\u00a0 -kurssi<\/p><p>18.6. Mets\u00e4retki<\/p><p>25.6. nepsy-perheille, 9-12 v. (Kanta-H\u00e4meess\u00e4 asuvat)<\/p><p>26.6. Pitk\u00e4korvien puuhatuokio<\/p><p>27.6.-28.6. y\u00f6 aasien kanssa\u00a0<\/p><p>2.7. perheleiri, 7-13 v.<\/p><p>3.7.\u00a0 Aasijoogaa<\/p><p>6.7. nepsy-perheille, 9-12 v. (Kanta-H\u00e4meess\u00e4 asuvat)<\/p><p>8.7. Aikuisten aasiretriitti<\/p><p>10.7. 2 h mets\u00e4retki<\/p><p>16.7. Aasijoogaa<\/p><p>31.7. aasit Hippalot -tapahtumassa H\u00e4meenlinnassa<\/p><p>2.8. aasitilojen avoimet ovet<\/p><p>3.9. Mets\u00e4retki 2h<\/p><p>5.9. avoimet ovet, suunnattu el\u00e4inavusteisesta kuntoutusty\u00f6st\u00e4 kiinnostuneille<\/p><p>13.9. Aasit Lasten kyl\u00e4 -tapahtumassa Kyt\u00e4j\u00e4ll\u00e4 Hyvink\u00e4\u00e4ll\u00e4<\/p><p>27.9. Pitk\u00e4korvien puuhatuokio<\/p><p>14.10. Pitk\u00e4korvien puuhatuokio<\/p><p>15.10. Perheiden p\u00e4iv\u00e4leiri (7-13 v. lapsille perheineen)<\/p><p>16.10. Nepsy-perheiden p\u00e4iv\u00e4leiri. Kanta-H\u00e4meess\u00e4 asuvat ADHD ja autismikirjon piirteiset 9-12 -vuotiaat lapset perheineen<\/p><\/div>\n\t\t\t\t<\/div>\n\t\t\t\t\t\t\t<div class=\"elementor-accordion-item\">\n\t\t\t\t\t<div id=\"elementor-tab-title-2172\" class=\"elementor-tab-title\" data-tab=\"2\" role=\"button\" aria-controls=\"elementor-tab-content-2172\" aria-expanded=\"false\">\n\t\t\t\t\t\t\t\t\t\t\t\t\t<span class=\"elementor-accordion-icon elementor-accordion-icon-left\" aria-hidden=\"true\">\n\t\t\t\t\t\t\t\t\t\t\t\t\t\t\t<span class=\"elementor-accordion-icon-closed\"><i class=\"fas fa-plus\"><\/i><\/span>\n\t\t\t\t\t\t\t\t<span class=\"elementor-accordion-icon-opened\"><i class=\"fas fa-minus\"><\/i><\/span>\n\t\t\t\t\t\t\t\t\t\t\t\t\t\t<\/span>\n\t\t\t\t\t\t\t\t\t\t\t\t<a class=\"elementor-accordion-title\" tabindex=\"0\">2024<\/a>\n\t\t\t\t\t<\/div>\n\t\t\t\t\t<div id=\"elementor-tab-content-2172\" class=\"elementor-tab-content elementor-clearfix\" data-tab=\"2\" role=\"region\" aria-labelledby=\"elementor-tab-title-2172\"><p><span style=\"letter-spacing: -0.27px;\">21.4. Aasien kaviohuolto-kurssi<\/span><br style=\"letter-spacing: -0.27px;\" \/><span style=\"font-size: inherit; letter-spacing: -0.015em; text-align: inherit;\">28.4.<\/span><span style=\"font-size: inherit; letter-spacing: -0.015em; text-align: inherit;\">\u00a0Aasinhoidon ABC-kurssi, Pukkila<\/span><span style=\"letter-spacing: -0.27px; font-weight: bold;\"><br \/><\/span><span style=\"font-size: inherit; letter-spacing: -0.015em; text-align: inherit;\">29.4. Aasit tapahtumassa, Karkkilan tori<br \/><\/span><span style=\"font-size: inherit; letter-spacing: -0.015em; text-align: inherit;\">8.5. Kansainv\u00e4linen aasip\u00e4iv\u00e4<br \/><\/span><span style=\"letter-spacing: -0.27px; font-size: inherit; text-align: inherit;\">25.5. Aasit tapahtumassa Mets\u00e4-Nummelan tilalla, Loppi<br \/><\/span><span style=\"font-size: inherit; text-align: inherit; letter-spacing: -0.015em;\">4.6. Perheleiri lapsi-vanhempi\u00a0<\/span><span style=\"font-size: inherit; text-align: inherit; letter-spacing: -0.27px; font-weight: bold;\"><br \/><\/span><span style=\"font-size: inherit; letter-spacing: -0.015em; text-align: inherit;\">8.6. Aasit Er\u00e4messuilla Riihim\u00e4ell\u00e4<br \/>11.6. Pitk\u00e4korvien puuhatuokio<br \/><\/span><span style=\"font-size: inherit; letter-spacing: -0.015em; text-align: inherit;\">15.6. Mets\u00e4retki aasien kanssa<\/span><span style=\"font-size: inherit; letter-spacing: -0.015em; text-align: inherit;\"><br \/>28.6. Aikuisten aasiretriitti<br \/>3.7. Perheleiri nepsy-lapsille<br \/><\/span><span style=\"font-family: Muli, sans-serif; font-size: inherit; letter-spacing: -0.015em; text-align: inherit;\">13.7. Pitk\u00e4korvien puuhatuokio<br \/><\/span><span style=\"font-family: Muli, sans-serif; font-size: inherit; letter-spacing: -0.015em; text-align: inherit;\">17.7. Aikuisten aasiretriitti<br \/>25.7. Aasit Lopen kes\u00e4torilla<br \/>3.8. Aasitilojen avoimet ovet<br \/><\/span><span style=\"letter-spacing: -0.27px;\">22.9. Hevos\/aasiavusteiset ty\u00f6menetelm\u00e4t testiss\u00e4<br \/><\/span><span style=\"font-family: Muli, sans-serif; font-size: inherit; letter-spacing: -0.015em; text-align: inherit;\">6.10. Aikuisten aasiretriitti<br \/>14.10. Syysloman perheleiri<br \/>9.11. HYMY ry perhep\u00e4iv\u00e4 nepsyille<br \/>Su 15.12. SatuAasin tallin ja Arom\u00e4en Tilan yhteiset pikkujoulut<br \/><\/span><\/p><\/div>\n\t\t\t\t<\/div>\n\t\t\t\t\t\t\t<div class=\"elementor-accordion-item\">\n\t\t\t\t\t<div id=\"elementor-tab-title-2173\" class=\"elementor-tab-title\" data-tab=\"3\" role=\"button\" aria-controls=\"elementor-tab-content-2173\" aria-expanded=\"false\">\n\t\t\t\t\t\t\t\t\t\t\t\t\t<span class=\"elementor-accordion-icon elementor-accordion-icon-left\" aria-hidden=\"true\">\n\t\t\t\t\t\t\t\t\t\t\t\t\t\t\t<span class=\"elementor-accordion-icon-closed\"><i class=\"fas fa-plus\"><\/i><\/span>\n\t\t\t\t\t\t\t\t<span class=\"elementor-accordion-icon-opened\"><i class=\"fas fa-minus\"><\/i><\/span>\n\t\t\t\t\t\t\t\t\t\t\t\t\t\t<\/span>\n\t\t\t\t\t\t\t\t\t\t\t\t<a class=\"elementor-accordion-title\" tabindex=\"0\">2023<\/a>\n\t\t\t\t\t<\/div>\n\t\t\t\t\t<div id=\"elementor-tab-content-2173\" class=\"elementor-tab-content elementor-clearfix\" data-tab=\"3\" role=\"region\" aria-labelledby=\"elementor-tab-title-2173\"><p><span style=\"letter-spacing: -0.27px;\">su 10.1<\/span><span style=\"letter-spacing: -0.27px;\">2. Pitk\u00e4korvien pikkujoulut<\/span><span style=\"letter-spacing: -0.27px;\"><br \/>3.9. Hevosavusteiset ty\u00f6menetelm\u00e4t testiss\u00e4, AiKa-talli, Sipoo<br \/><\/span><span style=\"letter-spacing: -0.27px; text-align: inherit;\">20.8. Pitk\u00e4korvien puuhatuokio<\/span><span style=\"letter-spacing: -0.27px; text-align: inherit;\"><br \/><span style=\"letter-spacing: -0.015em;\">5.8. Aasitilojen avoimet ovet<\/span><\/span><span style=\"letter-spacing: -0.27px;\"><br \/>25.7. Mets\u00e4joogaa SatuAasien kanssa<br \/>4.7. Pitk\u00e4korvien puuhatuokio<\/span><span style=\"letter-spacing: -0.27px; font-size: inherit; text-align: inherit;\"><br \/>19.6. Aamuk\u00e4vely SatuAasien kanssa Palolammen leirialueella Lopella<br \/><\/span><span style=\"font-size: inherit; text-align: inherit; letter-spacing: -0.015em;\">16.6. P\u00e4iv\u00e4leiri lapsille ja nuorille<\/span><span style=\"font-size: 1em; text-align: inherit; letter-spacing: -0.27px;\"><br \/><\/span><span style=\"font-size: inherit; text-align: inherit; letter-spacing: -0.015em;\">11.6.\u00a0<\/span><span style=\"font-size: inherit; text-align: inherit; letter-spacing: -0.015em;\">Pitk\u00e4korvien puuhatuokio<br \/><\/span><span style=\"letter-spacing: -0.27px; font-size: inherit; text-align: inherit;\">kes\u00e4kuu Myyntiaaseja tulossa Suomeen<br \/><\/span><span style=\"font-size: inherit; letter-spacing: -0.015em; text-align: inherit;\">10.6. Iltak\u00e4vely SatuAasien kanssa<br \/><\/span><span style=\"font-size: inherit; text-align: inherit; letter-spacing: -0.015em;\">8.6.\u00a0<\/span><span style=\"font-size: inherit; text-align: inherit; letter-spacing: -0.27px;\">Aasit tapahtumassa Tervakoskella<br \/><\/span><span style=\"letter-spacing: -0.27px; font-size: inherit; text-align: inherit;\">1.-2.6. Satu Kuntoutusp\u00e4ivill\u00e4 edustamassa Sosiaalipedagogista hevostoimintayhdistyst\u00e4<br \/><\/span><span style=\"font-size: inherit; text-align: inherit; letter-spacing: -0.015em;\">27.5. Aasit Evon ulkoilutapahtumassa<\/span><br \/><span style=\"font-size: inherit; letter-spacing: -0.015em; text-align: inherit;\">23.4. Zorron kimpan tapaaminen tallilla<br \/><\/span><span style=\"font-size: inherit; text-align: inherit; letter-spacing: -0.015em;\">huhtikuu Satu\u00a0<\/span><span style=\"font-size: 1em; text-align: inherit; letter-spacing: -0.27px;\">Italiassa ja Hollannissa\u00a0<\/span><span style=\"font-size: inherit; text-align: inherit; letter-spacing: -0.015em;\">aasien etsint\u00e4matkalla<\/span><\/p><\/div>\n\t\t\t\t<\/div>\n\t\t\t\t\t\t\t<div class=\"elementor-accordion-item\">\n\t\t\t\t\t<div id=\"elementor-tab-title-2174\" class=\"elementor-tab-title\" data-tab=\"4\" role=\"button\" aria-controls=\"elementor-tab-content-2174\" aria-expanded=\"false\">\n\t\t\t\t\t\t\t\t\t\t\t\t\t<span class=\"elementor-accordion-icon elementor-accordion-icon-left\" aria-hidden=\"true\">\n\t\t\t\t\t\t\t\t\t\t\t\t\t\t\t<span class=\"elementor-accordion-icon-closed\"><i class=\"fas fa-plus\"><\/i><\/span>\n\t\t\t\t\t\t\t\t<span class=\"elementor-accordion-icon-opened\"><i class=\"fas fa-minus\"><\/i><\/span>\n\t\t\t\t\t\t\t\t\t\t\t\t\t\t<\/span>\n\t\t\t\t\t\t\t\t\t\t\t\t<a class=\"elementor-accordion-title\" tabindex=\"0\">2022<\/a>\n\t\t\t\t\t<\/div>\n\t\t\t\t\t<div id=\"elementor-tab-content-2174\" class=\"elementor-tab-content elementor-clearfix\" data-tab=\"4\" role=\"region\" aria-labelledby=\"elementor-tab-title-2174\"><p><span style=\"font-family: Muli, sans-serif; letter-spacing: -0.27px;\">14.12. Aasit yksityiskeikalla Helsingiss\u00e4<br \/><\/span><span style=\"font-family: Muli, sans-serif; letter-spacing: -0.27px;\">11.12. Talvinen kurkistus SatuAasien el\u00e4m\u00e4\u00e4n klo 10-12<br \/><\/span><span style=\"font-family: Muli, sans-serif; letter-spacing: -0.27px;\">7.12. Aasit McDonald&#8217;sin avajaisissa Riihim\u00e4ell\u00e4<br \/><\/span><span style=\"font-family: Muli, sans-serif; letter-spacing: -0.27px;\">27.11. Aasit Kyt\u00e4j\u00e4ll\u00e4 Hyvink\u00e4\u00e4n el\u00e4insuojeluyhdistyksen tapahtumassa klo 12-14<br \/><\/span><span style=\"font-family: Muli, sans-serif; letter-spacing: -0.27px;\">vk 40 Vanhusten viikolla vierailuk\u00e4yntej\u00e4<\/span><span style=\"font-family: Muli, sans-serif; font-size: inherit; letter-spacing: -0.015em; text-align: inherit;\"><br \/>17.10.\u00a0<\/span><span style=\"font-family: Muli, sans-serif; font-size: inherit; letter-spacing: -0.015em; text-align: inherit;\">Aasimainen p\u00e4iv\u00e4leiri alakoululaisille (lis\u00e4tietoja\u00a0<\/span><a style=\"font-family: Muli, sans-serif; letter-spacing: -0.27px;\" href=\"https:\/\/www.paila.fi\/aasimainen-paiva\/\" target=\"_blank\" rel=\"noopener\">paila.fi<\/a><span style=\"font-family: Muli, sans-serif; font-size: inherit; letter-spacing: -0.015em; text-align: inherit;\">)<\/span><span style=\"font-family: Muli, sans-serif; font-size: inherit; letter-spacing: -0.015em; text-align: inherit;\"><br \/><\/span><span style=\"font-family: Muli, sans-serif; font-size: inherit; letter-spacing: -0.015em; text-align: inherit;\">17.9.\u00a0 Aasimainen p\u00e4iv\u00e4leiri alakoululaisille (lis\u00e4tietoja\u00a0<\/span><a style=\"font-family: Muli, sans-serif; letter-spacing: -0.27px;\" href=\"https:\/\/www.paila.fi\/aasimainen-paiva\/\" target=\"_blank\" rel=\"noopener\">paila.fi<\/a><span style=\"font-family: Muli, sans-serif; font-size: inherit; letter-spacing: -0.015em; text-align: inherit;\">)<\/span><span style=\"font-family: Muli, sans-serif; font-size: inherit; letter-spacing: -0.015em; text-align: inherit;\"><br \/><\/span><span style=\"font-family: Muli, sans-serif; letter-spacing: -0.27px;\">11.9.\u00a0 Aasimainen puuhatuokio perheille (klo 10-12)<\/span><span style=\"font-family: Muli, sans-serif; font-size: inherit; letter-spacing: -0.015em; text-align: inherit;\"><br \/>7.9. VALKKU-hankkeen vertaistapaaminen tallilla (klo 13-16)\u00a0<\/span><a style=\"font-family: Muli, sans-serif; letter-spacing: -0.27px;\" href=\"https:\/\/www.tts.fi\/tutkimus_ja_kehitys\/tutkimushankkeet\/tyon_kehittaminen_ja_tuottavuus\/valkku\/ajankohtaista\" target=\"_blank\" rel=\"noopener\">Katso lis\u00e4tiedot TTS:n sivulta.<\/a><span style=\"font-family: Muli, sans-serif; letter-spacing: -0.27px;\"><br \/>28.8. Aasit mukana Hepat H\u00e4meenlinnassa -tapahtumassa<\/span><span style=\"font-family: Muli, sans-serif; letter-spacing: -0.27px;\"><br \/>20.8. Aasit mukana Pelastakaa Lapset ry:n suurilla syntt\u00e4reill\u00e4 Lopen torilla (klo 13-16)<\/span><span style=\"font-family: Muli, sans-serif; font-size: inherit; letter-spacing: -0.015em; text-align: inherit;\"><br \/>7.8. Aasitilojen avoimet ovet\u00a0<\/span><span style=\"font-family: Muli, sans-serif; letter-spacing: -0.27px;\">klo 11-14 (ilmainen)<br \/><\/span><span style=\"font-family: Muli, sans-serif; letter-spacing: -0.27px;\">3.8. Miniaaseja ja tavallisia aaseja tulossa Suomeen<br \/><\/span><span style=\"font-family: Muli, sans-serif; letter-spacing: -0.27px;\">18.7. Aasimainen puuhatuokio lapsille (klo 10-12) ja aikuisille (klo 16-18)<br \/><\/span><span style=\"font-family: Muli, sans-serif; letter-spacing: -0.27px;\">17.7.\u00a0\u00a0<\/span><span style=\"font-family: Muli, sans-serif; letter-spacing: -0.27px;\">Aasin koulutus ja tallitilat -kurssi klo 10-15<br \/><\/span><span style=\"font-family: Muli, sans-serif; letter-spacing: -0.27px;\">11.7.\u00a0<\/span><span style=\"font-family: Muli, sans-serif; letter-spacing: -0.27px;\">Mets\u00e4retki Melkuttimen luonnonsuojelualueella klo 10-14, er\u00e4opas mukana, reitit 4 ja 7 km<br \/><\/span><span style=\"font-family: Muli, sans-serif; letter-spacing: -0.27px;\">30.6. Aasit Lopen torstaitorilla klo 17-20<br \/><\/span><span style=\"font-family: Muli, sans-serif; letter-spacing: -0.27px;\">27.6. Mets\u00e4retki Melkuttimen luonnonsuojelualueella klo 16-20, muuliblogin pit\u00e4j\u00e4 mukana, reitti\u00a0 4km<\/span><span style=\"font-family: Muli, sans-serif; font-size: inherit; letter-spacing: -0.015em; text-align: inherit;\"><br \/>18.6. Aasin koulutus ja tallitilat -kurssi klo 10-15<br \/><\/span><span style=\"font-family: Muli, sans-serif; letter-spacing: -0.27px;\">13.6. Tallitalkoot ja laavumakkarat klo 16-19 (ilmainen)<\/span><br style=\"font-family: Muli, sans-serif; letter-spacing: -0.27px;\" \/><span style=\"font-family: Muli, sans-serif; letter-spacing: -0.27px;\">12.6. Aasit Riihim\u00e4en Er\u00e4messuilla<\/span><span style=\"font-family: Muli, sans-serif; font-size: inherit; letter-spacing: -0.015em; text-align: inherit;\"><br \/>28.5. Zorron kimpan tapaaminen tallilla klo 15-17<br \/>14.5. Aasin kavionhoitokurssi klo 10-15<br \/>Toukokuu Miniaaseja tulossa Suomeen<br \/><\/span><span style=\"font-family: Muli, sans-serif; font-size: inherit; letter-spacing: -0.015em; text-align: inherit;\">30.4. Mukana MLL Lopen yhdistyksen vapputapahtumassa klo 10-15<br \/><\/span><span style=\"font-family: Muli, sans-serif; font-size: inherit; letter-spacing: -0.015em; text-align: inherit;\">23.4.\u00a0 Aasinhoidon ABC -kurssi<br \/><\/span><span style=\"font-family: Muli, sans-serif; font-size: inherit; letter-spacing: -0.015em; text-align: inherit;\">5.3. Talvinen kurkistus SatuAasien el\u00e4m\u00e4\u00e4n<br \/><\/span><span style=\"font-family: Muli, sans-serif; font-size: inherit; letter-spacing: -0.015em; text-align: inherit;\">27.2.\u00a0<\/span><span style=\"font-family: Muli, sans-serif; font-size: 1em; letter-spacing: -0.27px; text-align: inherit;\">Talvinen kurkistus SatuAasien el\u00e4m\u00e4\u00e4n<\/span><\/p><\/div>\n\t\t\t\t<\/div>\n\t\t\t\t\t\t\t\t<\/div>\n\t\t\t\t\t\t<\/div>\n\t\t\t\t<\/div>\n\t\t\t\t\t<\/div>\n\t\t<\/div>\n\t\t\t\t\t<\/div>\n\t\t<\/section>\n\t\t\t\t\t<\/div>\n\t\t<\/div>\n\t\t\t\t\t<\/div>\n\t\t<\/section>\n\t\t\t\t<\/div>\n\t\t","protected":false},"excerpt":{"rendered":"<p>Tapahtumakalenteri T\u00e4\u00e4lt\u00e4 n\u00e4et sek\u00e4 kaikille avoimet tapahtumat tallillamme ett\u00e4 p\u00e4iv\u00e4t, jolloin aasimme ovat esill\u00e4 muualla tapahtumissa.\u00a0 Ilmoittautuminen tapahtumiin tapahtuu\u00a0verkkokaupassamme.\u00a0Kysele my\u00f6s rohkeasti vapaita\/peruutuspaikkoja, vaikka haluamasi tapahtuma n\u00e4ytt\u00e4isi verkkokaupassa loppuunmyydylt\u00e4. Jos et p\u00e4\u00e4se mukaan kaikille avoimeen tapahtumaan, niin oman toimintatuokiosi voit varata t\u00e4ytt\u00e4m\u00e4ll\u00e4 varaus\/tiedustelulomakkeen. Kyselyn voi my\u00f6s l\u00e4hett\u00e4\u00e4 s\u00e4hk\u00f6postilla satu(a)satuaasintalli.fi. Huom! Osassa tapahtumista on s\u00e4\u00e4varaus kovan sateen [&hellip;]<\/p>\n","protected":false},"author":1,"featured_media":0,"parent":0,"menu_order":0,"comment_status":"closed","ping_status":"closed","template":"elementor_header_footer","meta":{"footnotes":""},"class_list":["post-317","page","type-page","status-publish","hentry"],"yoast_head":"<!-- This site is optimized with the Yoast SEO plugin v27.5 - https:\/\/yoast.com\/product\/yoast-seo-wordpress\/ -->\n<title>Tapahtumakalenteri - SatuAasin talli<\/title>\n<meta name=\"description\" content=\"Lopella SatuAasin tallilla j\u00e4rjestet\u00e4\u00e4n runsaasti eri tapahtumap\u00e4ivi\u00e4 aaseihin liittyen mm. aasimets\u00e4k\u00e4velyt, aasiretket, aasivaellukset ja leirip\u00e4iv\u00e4t.\" \/>\n<meta name=\"robots\" content=\"index, follow, max-snippet:-1, max-image-preview:large, max-video-preview:-1\" \/>\n<link rel=\"canonical\" href=\"https:\/\/satuaasintalli.fi\/index.php\/tapahtumakalenteri\/\" \/>\n<meta property=\"og:locale\" content=\"fi_FI\" \/>\n<meta property=\"og:type\" content=\"article\" \/>\n<meta property=\"og:title\" content=\"Tapahtumakalenteri - SatuAasin talli\" \/>\n<meta property=\"og:description\" content=\"Lopella SatuAasin tallilla j\u00e4rjestet\u00e4\u00e4n runsaasti eri tapahtumap\u00e4ivi\u00e4 aaseihin liittyen mm. aasimets\u00e4k\u00e4velyt, aasiretket, aasivaellukset ja leirip\u00e4iv\u00e4t.\" \/>\n<meta property=\"og:url\" content=\"https:\/\/satuaasintalli.fi\/index.php\/tapahtumakalenteri\/\" \/>\n<meta property=\"og:site_name\" content=\"SatuAasin talli\" \/>\n<meta property=\"article:publisher\" content=\"https:\/\/www.facebook.com\/hevostoimintavalkas\/\" \/>\n<meta property=\"article:modified_time\" content=\"2026-03-26T20:25:06+00:00\" \/>\n<meta property=\"og:image\" content=\"https:\/\/satuaasintalli.fi\/wp-content\/uploads\/2026\/03\/Kaviokurssi.jpg\" \/>\n\t<meta property=\"og:image:width\" content=\"940\" \/>\n\t<meta property=\"og:image:height\" content=\"788\" \/>\n\t<meta property=\"og:image:type\" content=\"image\/jpeg\" \/>\n<meta name=\"twitter:card\" content=\"summary_large_image\" \/>\n<meta name=\"twitter:label1\" content=\"Arvioitu lukuaika\" \/>\n\t<meta name=\"twitter:data1\" content=\"5 minuuttia\" \/>\n<script type=\"application\/ld+json\" class=\"yoast-schema-graph\">{\"@context\":\"https:\\\/\\\/schema.org\",\"@graph\":[{\"@type\":\"WebPage\",\"@id\":\"https:\\\/\\\/satuaasintalli.fi\\\/index.php\\\/tapahtumakalenteri\\\/\",\"url\":\"https:\\\/\\\/satuaasintalli.fi\\\/index.php\\\/tapahtumakalenteri\\\/\",\"name\":\"Tapahtumakalenteri - SatuAasin talli\",\"isPartOf\":{\"@id\":\"https:\\\/\\\/satuaasintalli.fi\\\/#website\"},\"primaryImageOfPage\":{\"@id\":\"https:\\\/\\\/satuaasintalli.fi\\\/index.php\\\/tapahtumakalenteri\\\/#primaryimage\"},\"image\":{\"@id\":\"https:\\\/\\\/satuaasintalli.fi\\\/index.php\\\/tapahtumakalenteri\\\/#primaryimage\"},\"thumbnailUrl\":\"https:\\\/\\\/satuaasintalli.fi\\\/wp-content\\\/uploads\\\/2026\\\/03\\\/Kaviokurssi-768x644.jpg\",\"datePublished\":\"2022-03-03T12:00:43+00:00\",\"dateModified\":\"2026-03-26T20:25:06+00:00\",\"description\":\"Lopella SatuAasin tallilla j\u00e4rjestet\u00e4\u00e4n runsaasti eri tapahtumap\u00e4ivi\u00e4 aaseihin liittyen mm. aasimets\u00e4k\u00e4velyt, aasiretket, aasivaellukset ja leirip\u00e4iv\u00e4t.\",\"breadcrumb\":{\"@id\":\"https:\\\/\\\/satuaasintalli.fi\\\/index.php\\\/tapahtumakalenteri\\\/#breadcrumb\"},\"inLanguage\":\"fi\",\"potentialAction\":[{\"@type\":\"ReadAction\",\"target\":[\"https:\\\/\\\/satuaasintalli.fi\\\/index.php\\\/tapahtumakalenteri\\\/\"]}]},{\"@type\":\"ImageObject\",\"inLanguage\":\"fi\",\"@id\":\"https:\\\/\\\/satuaasintalli.fi\\\/index.php\\\/tapahtumakalenteri\\\/#primaryimage\",\"url\":\"https:\\\/\\\/satuaasintalli.fi\\\/wp-content\\\/uploads\\\/2026\\\/03\\\/Kaviokurssi.jpg\",\"contentUrl\":\"https:\\\/\\\/satuaasintalli.fi\\\/wp-content\\\/uploads\\\/2026\\\/03\\\/Kaviokurssi.jpg\",\"width\":940,\"height\":788},{\"@type\":\"BreadcrumbList\",\"@id\":\"https:\\\/\\\/satuaasintalli.fi\\\/index.php\\\/tapahtumakalenteri\\\/#breadcrumb\",\"itemListElement\":[{\"@type\":\"ListItem\",\"position\":1,\"name\":\"Home\",\"item\":\"https:\\\/\\\/satuaasintalli.fi\\\/\"},{\"@type\":\"ListItem\",\"position\":2,\"name\":\"Tapahtumakalenteri\"}]},{\"@type\":\"WebSite\",\"@id\":\"https:\\\/\\\/satuaasintalli.fi\\\/#website\",\"url\":\"https:\\\/\\\/satuaasintalli.fi\\\/\",\"name\":\"SatuAasin talli\",\"description\":\"SatuAasin tallin kotisivut ja verkkokauppa\",\"publisher\":{\"@id\":\"https:\\\/\\\/satuaasintalli.fi\\\/#organization\"},\"potentialAction\":[{\"@type\":\"SearchAction\",\"target\":{\"@type\":\"EntryPoint\",\"urlTemplate\":\"https:\\\/\\\/satuaasintalli.fi\\\/?s={search_term_string}\"},\"query-input\":{\"@type\":\"PropertyValueSpecification\",\"valueRequired\":true,\"valueName\":\"search_term_string\"}}],\"inLanguage\":\"fi\"},{\"@type\":\"Organization\",\"@id\":\"https:\\\/\\\/satuaasintalli.fi\\\/#organization\",\"name\":\"SatuAasin talli\",\"url\":\"https:\\\/\\\/satuaasintalli.fi\\\/\",\"logo\":{\"@type\":\"ImageObject\",\"inLanguage\":\"fi\",\"@id\":\"https:\\\/\\\/satuaasintalli.fi\\\/#\\\/schema\\\/logo\\\/image\\\/\",\"url\":\"https:\\\/\\\/satuaasintalli.fi\\\/wp-content\\\/uploads\\\/2022\\\/03\\\/SatuAasin-talli-logo.png\",\"contentUrl\":\"https:\\\/\\\/satuaasintalli.fi\\\/wp-content\\\/uploads\\\/2022\\\/03\\\/SatuAasin-talli-logo.png\",\"width\":500,\"height\":523,\"caption\":\"SatuAasin talli\"},\"image\":{\"@id\":\"https:\\\/\\\/satuaasintalli.fi\\\/#\\\/schema\\\/logo\\\/image\\\/\"},\"sameAs\":[\"https:\\\/\\\/www.facebook.com\\\/hevostoimintavalkas\\\/\",\"https:\\\/\\\/www.instagram.com\\\/satuaasintalli\\\/?hl=fi\"]}]}<\/script>\n<!-- \/ Yoast SEO plugin. -->","yoast_head_json":{"title":"Tapahtumakalenteri - SatuAasin talli","description":"Lopella SatuAasin tallilla j\u00e4rjestet\u00e4\u00e4n runsaasti eri tapahtumap\u00e4ivi\u00e4 aaseihin liittyen mm. aasimets\u00e4k\u00e4velyt, aasiretket, aasivaellukset ja leirip\u00e4iv\u00e4t.","robots":{"index":"index","follow":"follow","max-snippet":"max-snippet:-1","max-image-preview":"max-image-preview:large","max-video-preview":"max-video-preview:-1"},"canonical":"https:\/\/satuaasintalli.fi\/index.php\/tapahtumakalenteri\/","og_locale":"fi_FI","og_type":"article","og_title":"Tapahtumakalenteri - SatuAasin talli","og_description":"Lopella SatuAasin tallilla j\u00e4rjestet\u00e4\u00e4n runsaasti eri tapahtumap\u00e4ivi\u00e4 aaseihin liittyen mm. aasimets\u00e4k\u00e4velyt, aasiretket, aasivaellukset ja leirip\u00e4iv\u00e4t.","og_url":"https:\/\/satuaasintalli.fi\/index.php\/tapahtumakalenteri\/","og_site_name":"SatuAasin talli","article_publisher":"https:\/\/www.facebook.com\/hevostoimintavalkas\/","article_modified_time":"2026-03-26T20:25:06+00:00","og_image":[{"width":940,"height":788,"url":"https:\/\/satuaasintalli.fi\/wp-content\/uploads\/2026\/03\/Kaviokurssi.jpg","type":"image\/jpeg"}],"twitter_card":"summary_large_image","twitter_misc":{"Arvioitu lukuaika":"5 minuuttia"},"schema":{"@context":"https:\/\/schema.org","@graph":[{"@type":"WebPage","@id":"https:\/\/satuaasintalli.fi\/index.php\/tapahtumakalenteri\/","url":"https:\/\/satuaasintalli.fi\/index.php\/tapahtumakalenteri\/","name":"Tapahtumakalenteri - SatuAasin talli","isPartOf":{"@id":"https:\/\/satuaasintalli.fi\/#website"},"primaryImageOfPage":{"@id":"https:\/\/satuaasintalli.fi\/index.php\/tapahtumakalenteri\/#primaryimage"},"image":{"@id":"https:\/\/satuaasintalli.fi\/index.php\/tapahtumakalenteri\/#primaryimage"},"thumbnailUrl":"https:\/\/satuaasintalli.fi\/wp-content\/uploads\/2026\/03\/Kaviokurssi-768x644.jpg","datePublished":"2022-03-03T12:00:43+00:00","dateModified":"2026-03-26T20:25:06+00:00","description":"Lopella SatuAasin tallilla j\u00e4rjestet\u00e4\u00e4n runsaasti eri tapahtumap\u00e4ivi\u00e4 aaseihin liittyen mm. aasimets\u00e4k\u00e4velyt, aasiretket, aasivaellukset ja leirip\u00e4iv\u00e4t.","breadcrumb":{"@id":"https:\/\/satuaasintalli.fi\/index.php\/tapahtumakalenteri\/#breadcrumb"},"inLanguage":"fi","potentialAction":[{"@type":"ReadAction","target":["https:\/\/satuaasintalli.fi\/index.php\/tapahtumakalenteri\/"]}]},{"@type":"ImageObject","inLanguage":"fi","@id":"https:\/\/satuaasintalli.fi\/index.php\/tapahtumakalenteri\/#primaryimage","url":"https:\/\/satuaasintalli.fi\/wp-content\/uploads\/2026\/03\/Kaviokurssi.jpg","contentUrl":"https:\/\/satuaasintalli.fi\/wp-content\/uploads\/2026\/03\/Kaviokurssi.jpg","width":940,"height":788},{"@type":"BreadcrumbList","@id":"https:\/\/satuaasintalli.fi\/index.php\/tapahtumakalenteri\/#breadcrumb","itemListElement":[{"@type":"ListItem","position":1,"name":"Home","item":"https:\/\/satuaasintalli.fi\/"},{"@type":"ListItem","position":2,"name":"Tapahtumakalenteri"}]},{"@type":"WebSite","@id":"https:\/\/satuaasintalli.fi\/#website","url":"https:\/\/satuaasintalli.fi\/","name":"SatuAasin talli","description":"SatuAasin tallin kotisivut ja verkkokauppa","publisher":{"@id":"https:\/\/satuaasintalli.fi\/#organization"},"potentialAction":[{"@type":"SearchAction","target":{"@type":"EntryPoint","urlTemplate":"https:\/\/satuaasintalli.fi\/?s={search_term_string}"},"query-input":{"@type":"PropertyValueSpecification","valueRequired":true,"valueName":"search_term_string"}}],"inLanguage":"fi"},{"@type":"Organization","@id":"https:\/\/satuaasintalli.fi\/#organization","name":"SatuAasin talli","url":"https:\/\/satuaasintalli.fi\/","logo":{"@type":"ImageObject","inLanguage":"fi","@id":"https:\/\/satuaasintalli.fi\/#\/schema\/logo\/image\/","url":"https:\/\/satuaasintalli.fi\/wp-content\/uploads\/2022\/03\/SatuAasin-talli-logo.png","contentUrl":"https:\/\/satuaasintalli.fi\/wp-content\/uploads\/2022\/03\/SatuAasin-talli-logo.png","width":500,"height":523,"caption":"SatuAasin talli"},"image":{"@id":"https:\/\/satuaasintalli.fi\/#\/schema\/logo\/image\/"},"sameAs":["https:\/\/www.facebook.com\/hevostoimintavalkas\/","https:\/\/www.instagram.com\/satuaasintalli\/?hl=fi"]}]}},"_links":{"self":[{"href":"https:\/\/satuaasintalli.fi\/index.php\/wp-json\/wp\/v2\/pages\/317","targetHints":{"allow":["GET"]}}],"collection":[{"href":"https:\/\/satuaasintalli.fi\/index.php\/wp-json\/wp\/v2\/pages"}],"about":[{"href":"https:\/\/satuaasintalli.fi\/index.php\/wp-json\/wp\/v2\/types\/page"}],"author":[{"embeddable":true,"href":"https:\/\/satuaasintalli.fi\/index.php\/wp-json\/wp\/v2\/users\/1"}],"replies":[{"embeddable":true,"href":"https:\/\/satuaasintalli.fi\/index.php\/wp-json\/wp\/v2\/comments?post=317"}],"version-history":[{"count":584,"href":"https:\/\/satuaasintalli.fi\/index.php\/wp-json\/wp\/v2\/pages\/317\/revisions"}],"predecessor-version":[{"id":3987,"href":"https:\/\/satuaasintalli.fi\/index.php\/wp-json\/wp\/v2\/pages\/317\/revisions\/3987"}],"wp:attachment":[{"href":"https:\/\/satuaasintalli.fi\/index.php\/wp-json\/wp\/v2\/media?parent=317"}],"curies":[{"name":"wp","href":"https:\/\/api.w.org\/{rel}","templated":true}]}}